{"id":249,"date":"2013-09-21T11:50:04","date_gmt":"2013-09-21T09:50:04","guid":{"rendered":"http:\/\/www.senon.org\/wordpress\/?page_id=249"},"modified":"2025-10-15T19:07:58","modified_gmt":"2025-10-15T17:07:58","slug":"epoque-moderne","status":"publish","type":"page","link":"https:\/\/www.senon.org\/wordpress\/epoque-moderne\/","title":{"rendered":"EPOQUE MODERNE"},"content":{"rendered":"<h3 class=\"modifiedSectionTitle\" style=\"color: #484848; text-align: justify;\">&nbsp;<\/h3>\n<p class=\"titre_page\" style=\"color: #9933ff; text-align: justify;\">EPOQUE MODERNE<\/p>\n<p style=\"text-align: justify;\"><span id=\"16\" class=\"siecle\" style=\"font-weight: bold; color: #33cc00;\">16\u00e8me si\u00e8cle<\/span><span style=\"font-weight: normal; color: #484848;\">&nbsp;<\/span><br style=\"font-weight: normal; color: #484848;\"><br style=\"font-weight: normal; color: #484848;\"><span style=\"font-weight: normal; color: #484848;\">Les maisons \u00e0 colombages de la Grande-Rue datent principalement de cette \u00e9poque.<\/span><br style=\"font-weight: normal; color: #484848;\"><br style=\"font-weight: normal; color: #484848;\"><span style=\"font-weight: normal; color: #484848;\">Les ma\u00eetres verriers de Troyes mettent tout leur savoir faire reconnu dans l&rsquo;\u00e9laboration des grandes verri\u00e8res sud, en 1500.<\/span><br style=\"font-weight: normal; color: #484848;\"><br style=\"font-weight: normal; color: #484848;\"><span style=\"font-weight: normal; color: #484848;\">En 1510, Louis XII accorde la cr\u00e9ation de trois foires et d&rsquo;un march\u00e9.<\/span><br style=\"font-weight: normal; color: #484848;\"><br style=\"font-weight: normal; color: #484848;\"><a style=\"font-weight: bold; color: #006699;\" href=\"http:\/\/www.senon.org\/site\/index.php?page=personnalites#salazar\">Tristan de Salazar<\/a><span style=\"font-weight: normal; color: #484848;\">&nbsp;fait \u00e9difier une chapelle \u00e0 la m\u00e9moire de ses parents en 1514 ; il fera la m\u00eame chose pour l&rsquo;H\u00f4tel de Sens \u00e0 Paris. L&rsquo;oeuvre est un m\u00e9lange de gothique flamboyant et de style renaissance. Faute de place, elle est situ\u00e9e entre 2 pilliers de la cath\u00e9drale. Cette r\u00e9alisation de Guillaume Chaleveau est compos\u00e9e de la statue de la Vierge \u00e0 l&rsquo;enfant. L&rsquo;ensemble est b\u00e9nie en 1516. A l&rsquo;\u00e9poque la cath\u00e9drale est \u00ab\u00a0triple\u00a0\u00bb. On y trouve donc 3 scupltures de Saint-Etienne, Saint Jean Baptiste -vol\u00e9e et remplac\u00e9e part Saint-Savinien- et donc, Notre-Dame. En face se trouvaient 2 statues repr\u00e9sentant les parents de l&rsquo;archev\u00eaque. Celle du p\u00e8re a \u00e9t\u00e9 d\u00e9capit\u00e9e, celle de la m\u00e8re a disparue \u00e0 la r\u00e9volution.<\/span><br style=\"font-weight: normal; color: #484848;\"><br style=\"font-weight: normal; color: #484848;\"><span style=\"font-weight: normal; color: #484848;\">1519, Cr\u00e9ation de l&rsquo;aile Fran\u00e7ois 1er de la cath\u00e9drale grace \u00e0&nbsp;<\/span><a style=\"font-weight: bold; color: #006699;\" href=\"http:\/\/fr.wikipedia.org\/wiki\/%C3%89tienne_Poncher_%28archev%C3%AAque_de_Sens%29\" target=\"_blank\" rel=\"noopener noreferrer\">Etienne Poncher<\/a><span style=\"font-weight: normal; color: #484848;\">, chancelier de France et archev\u00eaque de Sens nomm\u00e9 par le roi, au grand d\u00e9sespoir des chanoines du dioc\u00e8se.<\/span><br style=\"font-weight: normal; color: #484848;\"><br style=\"font-weight: normal; color: #484848;\"><span style=\"font-weight: normal; color: #484848;\">Le chanoine Fritard donne beaucoup d&rsquo;argent pour l&rsquo;am\u00e9nagement int\u00e9rieur de la cath\u00e9drale et fait r\u00e9aliser la chapelle Notre Dame Laurette en 1530, avec un vitrail peut \u00eatre attribu\u00e9 \u00e0 Jean-Cousin.<\/span><br style=\"font-weight: normal; color: #484848;\"><br style=\"font-weight: normal; color: #484848;\"><span style=\"font-weight: normal; color: #484848;\">L&rsquo;archev\u00eaque&nbsp;<\/span><a style=\"font-weight: bold; color: #006699;\" href=\"http:\/\/www.senon.org\/site\/index.php?page=personnalites#duprat\">Duprat<\/a><span style=\"font-weight: normal; color: #484848;\">, chancelier de France, fait achever la tour sud et son campanille en 1532. Ce pr\u00e9lat qui \u00e9tait tr\u00e8s ambitieux et qui convoitait le tr\u00f4ne pontifical, d\u00e9couvre la ville seulement au moment de ses obs\u00e8ques en 1535. Le bas relief de son tombeau est attribu\u00e9 \u00e0&nbsp;<\/span><a style=\"font-weight: bold; color: #006699;\" href=\"http:\/\/fr.wikipedia.org\/wiki\/Pierre_Bontemps\" target=\"_blank\" rel=\"noopener noreferrer\">Pierre Bontemps<\/a><span style=\"font-weight: normal; color: #484848;\">.<\/span><br style=\"font-weight: normal; color: #484848;\"><br style=\"font-weight: normal; color: #484848;\"><span style=\"font-weight: normal; color: #484848;\">1537, Philippe Hodoard r\u00e9alise le Coll\u00e8ge de Sens. R\u00e9alisation dans la m\u00eame p\u00e9riode des maisons d&rsquo;Abraham et du pilier. A cette \u00e9poque il existe de nombreux march\u00e9s dans la cit\u00e9 et aussi en dehors des fortifications : march\u00e9 aux porcs, place du samedi&#8230;<\/span><br style=\"font-weight: normal; color: #484848;\"><br style=\"font-weight: normal; color: #484848;\"><span style=\"font-weight: normal; color: #484848;\">Avril 1539, Fran\u00e7ois 1er est descendu avec toute sa cour \u00e0 l&rsquo;abbaye de Vauluisant pour des parties de chasse. Sens le re\u00e7oit \u00e0 cette occasion. Des festivit\u00e9s sont faites en son honneur, avec des joutes dans une rue mi-pav\u00e9e. Les d\u00e9cors ont \u00e9t\u00e9 r\u00e9alis\u00e9s par les Jean Cousin, p\u00e8re et fils. Le roi assiste m\u00eame \u00e0 un proc\u00e8s avec l&rsquo;une ex\u00e9cution d&rsquo;un criminel.<\/span><br style=\"font-weight: normal; color: #484848;\"><br style=\"font-weight: normal; color: #484848;\"><span style=\"font-weight: normal; color: #484848;\">Jean Pagnard, qui avait vol\u00e9 un ciboire en vermeil dans la cath\u00e9drale, est brul\u00e9 sur le parvis de la cath\u00e9drale en septembre 1541.<\/span><br style=\"font-weight: normal; color: #484848;\"><br style=\"font-weight: normal; color: #484848;\"><span style=\"font-weight: normal; color: #484848;\">Le cardinal&nbsp;<\/span><a style=\"font-weight: bold; color: #006699;\" href=\"http:\/\/fr.wikipedia.org\/wiki\/Louis_de_Bourbon-Vend%C3%B4me\" target=\"_blank\" rel=\"noopener noreferrer\">Louis Bourbon de Vend\u00f4me<\/a><span style=\"font-weight: normal; color: #484848;\">, cousin de Fran\u00e7ois 1er, fait construire l&rsquo;aile Henri II dans les ann\u00e9es 1550.<\/span><br style=\"font-weight: normal; color: #484848;\"><br style=\"font-weight: normal; color: #484848;\"><span style=\"font-weight: normal; color: #484848;\">En 1560, les 2 bourdons de la tour sud de la cath\u00e9drale sont fondus : 16 et 14 tonnes battant ainsi un reccord pour longtemps.<\/span><br style=\"font-weight: normal; color: #484848;\"><br style=\"font-weight: normal; color: #484848;\"><span style=\"font-weight: normal; color: #484848;\">Durant les&nbsp;<\/span><a style=\"font-weight: bold; color: #006699;\" title=\"Guerres de religion (France)\" href=\"http:\/\/fr.wikipedia.org\/wiki\/Guerres_de_religion_%28France%29\" target=\"_blank\" rel=\"noopener noreferrer\">guerres de religion<\/a><span style=\"font-weight: normal; color: #484848;\">, Sens est particuli\u00e8rement agit\u00e9e. Le&nbsp;<\/span><a style=\"font-weight: bold; color: #006699;\" href=\"http:\/\/fr.wikipedia.org\/wiki\/Wassy\" target=\"_blank\" rel=\"noopener noreferrer\">massacre de Wassy<\/a><span style=\"font-weight: normal; color: #484848;\">&nbsp;d\u00e9clenche une premi\u00e8re \u00ab\u00a0Saint Barth\u00e9l\u00e9my\u00a0\u00bb dans plusieurs villes de France dont Sens fait partie.<\/span><br style=\"font-weight: normal; color: #484848;\"><span style=\"font-weight: normal; color: #484848;\">En 1562, les protestants se r\u00e9unissent dans la toute nouvelle halle aux pr\u00eaches, faubourg Saint Pregts. Cette inauguration attise encore plus la haine \u00e0 leur encontre. Certains&nbsp;<\/span><span style=\"font-weight: normal; color: #484848;\">protestants sont massacr\u00e9s et jet\u00e9s par dessus le pont de l&rsquo;\u00eele d&rsquo;Yonne, en avril de la m\u00eame ann\u00e9e. Le temple est br\u00fbl\u00e9.<\/span><br style=\"font-weight: normal; color: #484848;\"><a style=\"font-weight: bold; color: #006699;\" title=\"Charles IX de France\" href=\"http:\/\/fr.wikipedia.org\/wiki\/Charles_IX_de_France\" target=\"_blank\" rel=\"noopener noreferrer\">Charles IX<\/a><span style=\"font-weight: normal; color: #484848;\">&nbsp;commence son&nbsp;<\/span><a class=\"mw-redirect\" style=\"font-weight: bold; color: #006699;\" title=\"Tour de France royal\" href=\"http:\/\/fr.wikipedia.org\/wiki\/Tour_de_France_royal\" target=\"_blank\" rel=\"noopener noreferrer\">tour de France royal,<\/a><span style=\"font-weight: normal; color: #484848;\">&nbsp;en passant par Sens, pour appaiser les tensions dans tout le royaume. Il arrive le 15 mars 1563, accompagn\u00e9 de la&nbsp;<\/span><a style=\"font-weight: bold; color: #006699;\" title=\"Cour de France\" href=\"http:\/\/fr.wikipedia.org\/wiki\/Cour_de_France\" target=\"_blank\" rel=\"noopener noreferrer\">Cour<\/a><span style=\"font-weight: normal; color: #484848;\">&nbsp;et des Grands du royaume&nbsp;: son fr\u00e8re le&nbsp;<\/span><a style=\"font-weight: bold; color: #006699;\" title=\"Henri III de France\" href=\"http:\/\/fr.wikipedia.org\/wiki\/Henri_III_de_France\" target=\"_blank\" rel=\"noopener noreferrer\">duc d\u2019Anjou<\/a><span style=\"font-weight: normal; color: #484848;\">,&nbsp;<\/span><a style=\"font-weight: bold; color: #006699;\" title=\"Henri IV de France\" href=\"http:\/\/fr.wikipedia.org\/wiki\/Henri_IV_de_France\" target=\"_blank\" rel=\"noopener noreferrer\">Henri de Navarre<\/a><span style=\"font-weight: normal; color: #484848;\">, les<\/span><a style=\"font-weight: bold; color: #006699;\" title=\"Charles Ier de Bourbon (archev\u00eaque de Rouen)\" href=\"http:\/\/fr.wikipedia.org\/wiki\/Charles_Ier_de_Bourbon_%28archev%C3%AAque_de_Rouen%29\" target=\"_blank\" rel=\"noopener noreferrer\">cardinaux de Bourbon<\/a><span style=\"font-weight: normal; color: #484848;\">&nbsp;et de&nbsp;<\/span><a class=\"mw-redirect\" style=\"font-weight: bold; color: #006699;\" title=\"Charles de Guise, cardinal de Lorraine\" href=\"http:\/\/fr.wikipedia.org\/wiki\/Charles_de_Guise,_cardinal_de_Lorraine\" target=\"_blank\" rel=\"noopener noreferrer\">Lorraine<\/a><sup id=\"cite_ref-5\" class=\"reference\" style=\"font-weight: normal; color: #484848;\"><\/sup><span style=\"font-weight: normal; color: #484848;\">.<\/span><br style=\"font-weight: normal; color: #484848;\"><br style=\"font-weight: normal; color: #484848;\"><a style=\"font-weight: bold; color: #006699;\" href=\"http:\/\/fr.wikipedia.org\/wiki\/Louis_Ier_de_Bourbon-Cond%E9\" target=\"_blank\" rel=\"noopener noreferrer\">Louis 1er de Bourbon Cond\u00e9<\/a><span style=\"font-weight: normal; color: #484848;\">&nbsp;converti au protestentisme et en butte contre le roi, vient s&rsquo;installer au ch\u00e2teau de Vallery aupr\u00e8s la veuve du mar\u00e9chal Saint-Andr\u00e9, apr\u00e8s avoir tu\u00e9 ce dernier lors d&rsquo;une bataille.<\/span><br style=\"font-weight: normal; color: #484848;\"><br style=\"font-weight: normal; color: #484848;\"><span style=\"font-weight: normal; color: #484848;\">1567, les renforts catholiques cons\u00e9quents prot\u00e8gent la ville. Cette ann\u00e9e l\u00e0,&nbsp;<\/span><span dir=\"auto\" style=\"font-weight: normal; color: #484848;\"><a style=\"font-weight: bold; color: #006699;\" href=\"http:\/\/fr.wikipedia.org\/wiki\/Nicolas_Durand_de_Villegagnon\" target=\"_blank\" rel=\"noopener noreferrer\">Nicolas Durand de Villegagnon<\/a>&nbsp;est alors le gouverneur de la ville.<\/span><span style=\"font-weight: normal; color: #484848;\">&nbsp;Faute de pouvoir p\u00e9n\u00e9trer dans la cit\u00e9, les troupes protestantes pillent les alentours.<\/span><br style=\"font-weight: normal; color: #484848;\"><span style=\"font-weight: normal; color: #484848;\">C&rsquo;est \u00e0 cette \u00e9poque que les faubourgs de la ville sont ras\u00e9s \u00e0 l&rsquo;explosif pour avoir une meilleure visibilit\u00e9 \u00e0 partir des murailles.<\/span><br style=\"font-weight: normal; color: #484848;\"><br style=\"font-weight: normal; color: #484848;\"><span style=\"font-weight: normal; color: #484848;\">Henri III succ\u00e8de \u00e0 sont fr\u00e8re&nbsp;<\/span><a style=\"font-weight: bold; color: #006699;\" href=\"http:\/\/fr.wikipedia.org\/wiki\/Charles_IX_de_France\" target=\"_blank\" rel=\"noopener noreferrer\">Charles IX<\/a><span style=\"font-weight: normal; color: #484848;\">. Leur fr\u00e8re cadet, le&nbsp;<\/span><a style=\"font-weight: bold; color: #006699;\" href=\"http:\/\/fr.wikipedia.org\/wiki\/Fran%C3%A7ois_de_France_%281555-1584%29\" target=\"_blank\" rel=\"noopener noreferrer\">duc d&rsquo;Alencon<\/a><span style=\"font-weight: normal; color: #484848;\">&nbsp;dit \u00ab\u00a0Monsieur\u00a0\u00bb, s&rsquo;allie aux chefs protestants et met au point \u00e0 Etigny un \u00e9dit de pacification, pour mettre fin aux hostilit\u00e9s (1576). Mais pour beaucoup de catholiques, il s&rsquo;agit d&rsquo;une forme de capitulation.<\/span><br style=\"font-weight: normal; color: #484848;\"><span style=\"font-weight: normal; color: #484848;\">Aussi, quand&nbsp;<\/span><a style=\"font-weight: bold; color: #006699;\" href=\"http:\/\/fr.wikipedia.org\/wiki\/Catherine_de_M%E9dicis\" target=\"_blank\" rel=\"noopener noreferrer\">Catherine de Medicis<\/a><span style=\"font-weight: normal; color: #484848;\">&nbsp;vient \u00e0 Sens, les chanoines refusent de c\u00e9l\u00e9brer l&rsquo;\u00e9v\u00e9nement. Cela se passe alors au couvent des Cordeliers.<\/span><br style=\"font-weight: normal; color: #484848;\"><br style=\"font-weight: normal; color: #484848;\"><span style=\"font-weight: normal; color: #484848;\">16 mai 1582, mort de Colombe Chatri, m\u00e8re de l\u2019<\/span><strong style=\"color: #484848;\"><a style=\"font-weight: bold; color: #006699;\" href=\"http:\/\/fr.wikipedia.org\/wiki\/Enfant_p%C3%A9trifi%C3%A9_de_Sens\" target=\"_blank\" rel=\"noopener noreferrer\">Enfant p\u00e9trifi\u00e9 de Sens&nbsp;<\/a><\/strong><span style=\"font-weight: normal; color: #484848;\">(<\/span><a style=\"font-weight: bold; color: #006699;\" title=\"Lithop\u00e9dion\" href=\"http:\/\/fr.wikipedia.org\/wiki\/Lithop%C3%A9dion\" target=\"_blank\" rel=\"noopener noreferrer\">lithop\u00e9dion<\/a><span style=\"font-weight: normal; color: #484848;\">).<\/span><br style=\"font-weight: normal; color: #484848;\"><br style=\"font-weight: normal; color: #484848;\"><span style=\"font-weight: normal; color: #484848;\">Henri III ne peut avoir d&rsquo;enfant et le duc d&rsquo;Alencon dit \u00ab\u00a0Monsieur\u00a0\u00bb meurt en 1584. Ainsi la branche des Valois ne peut \u00eatre p\u00e9rennis\u00e9e. C&rsquo;est donc \u00e0 Henri de Navarre (futur Henri IV) que reviendra la succession. Mais comme ce dernier est protestant.<\/span><a style=\"font-weight: bold; color: #006699;\" href=\"http:\/\/fr.wikipedia.org\/wiki\/Henri_Ier_de_Guise\" target=\"_blank\" rel=\"noopener noreferrer\">Henri de Guise<\/a><span style=\"font-weight: normal; color: #484848;\">&nbsp;esp\u00e8re donc r\u00e9cup\u00e9rer la couronne en chassant l&rsquo;h\u00e9r\u00e9tique en rassemblant les catholiques dans la Ligue.<\/span><br style=\"font-weight: normal; color: #484848;\"><span style=\"font-weight: normal; color: #484848;\">C&rsquo;est la guerre entre les 3 Henri. Lorsque Henri de Guise meurt sous les poignards gascons, les catholiques se l\u00e8vent, Paris s&rsquo;insurge et Sens aussi.<\/span><br style=\"font-weight: normal; color: #484848;\"><span style=\"font-weight: normal; color: #484848;\">Henri III s&rsquo;allie \u00e0 Henri de Navarre pour reconqu\u00e9rir le pays et la guerre civile gagne le pays.<\/span><br style=\"font-weight: normal; color: #484848;\"><br style=\"font-weight: normal; color: #484848;\"><span style=\"font-weight: normal; color: #484848;\">En 1583 et 1586, la peste appara\u00eet \u00e0 Sens et fait de nombreuses victimes.<\/span><br style=\"font-weight: normal; color: #484848;\"><br style=\"font-weight: normal; color: #484848;\"><span style=\"font-weight: normal; color: #484848;\">20 janvier 1589, alors que le&nbsp;<\/span><a style=\"font-weight: bold; color: #006699;\" href=\"http:\/\/fr.wikipedia.org\/wiki\/Charles_de_Mayenne\" target=\"_blank\" rel=\"noopener noreferrer\">duc de Mayenne<\/a><span style=\"font-weight: normal; color: #484848;\">&nbsp;(fr\u00e8re d&rsquo;Henri de Guise) organise un banquet de la ligue la maison (ancien Croix Rouge) qui h\u00e9berge l&rsquo;\u00e9v\u00e9nement s&rsquo;effondre. Le duc fait partie des rescap\u00e9s.<\/span><br style=\"font-weight: normal; color: #484848;\"><br style=\"font-weight: normal; color: #484848;\"><span style=\"font-weight: normal; color: #484848;\">Le 1er ao\u00fbt 1589, le moine&nbsp;<\/span><a style=\"font-weight: bold; color: #006699;\" href=\"http:\/\/fr.wikipedia.org\/wiki\/Jacques_Cl%C3%A9ment\" target=\"_blank\" rel=\"noopener noreferrer\">Jacques Cl\u00e9ment<\/a><span style=\"font-weight: normal; color: #484848;\">&nbsp;demande audiance au roi Henri III et l&rsquo;assassine. Henri de Navarre devient donc Henri IV. Mais les catholiques et Sens ne reconnaissent que&nbsp;<\/span><a style=\"font-weight: bold; color: #006699;\" href=\"http:\/\/fr.wikipedia.org\/wiki\/Charles_Ier_de_Bourbon_%28archev%C3%AAque_de_Rouen%29\" target=\"_blank\" rel=\"noopener noreferrer\">Charles X de Bourbon<\/a><span style=\"font-weight: normal; color: #484848;\">, l&rsquo;oncle de d&rsquo;Henri IV. Ce dernier s&#8217;empresse de l&rsquo;arr\u00eater.<\/span><br style=\"font-weight: normal; color: #484848;\"><br style=\"font-weight: normal; color: #484848;\"><span style=\"font-weight: normal; color: #484848;\">Le 1er mai 1590, Henri IV assi\u00e8ge la ville sans succ\u00e8s. Tentant de s&rsquo;infiltrer par une br\u00e8che, il est re\u00e7u par le feu nourrit de sabotiers. A cette \u00e9poque, Sens est toujours tr\u00e8s catholique ; c&rsquo;est un des foyers de la ligue et elle ne reconna\u00eet pas ce roi protestant.<\/span><br style=\"font-weight: normal; color: #484848;\"><span style=\"font-weight: normal; color: #484848;\">En 1594, les portes de la ville lui seront ouvertes une fois sa conversion au catholicisme faite et \u00e0 condition que l&rsquo;\u00e9dit de Nantes ne soit pas appliqu\u00e9 afin que cette ville reste une place forte catholique.<\/span><br style=\"font-weight: normal; color: #484848;\"><span style=\"font-weight: normal; color: #484848;\">Le 22 mars 1594, l&rsquo;archev\u00eaque de Sens, Nicolas de Pellev\u00e9, meurt de rage \u00e0 l&rsquo;H\u00f4tel de Sens, \u00e0 cause du simple fait de voir Henri IV entrer dans Paris&#8230;<\/span><br style=\"font-weight: normal; color: #484848;\"><span style=\"font-weight: normal; color: #484848;\">Henri IV nomme alors Raignaut de Beaune puis&nbsp;<\/span><a style=\"font-weight: bold; color: #006699;\" href=\"http:\/\/fr.wikipedia.org\/wiki\/Jacques_Davy_du_Perron\" target=\"_blank\" rel=\"noopener noreferrer\">Jacques Davy du Perron<\/a><span style=\"font-weight: normal; color: #484848;\">&nbsp;\u00e0 la t\u00eate de notre archev\u00each\u00e9. Ce dernier s&rsquo;\u00e9tait rendu \u00e0 Rome pour rassurer le pape sur les doutes qu&rsquo;il avait au sujet de la sinc\u00e9rit\u00e9 de la conversion du roi.<\/span><br style=\"font-weight: normal; color: #484848;\"><br style=\"font-weight: normal; color: #484848;\"><span style=\"font-weight: normal; color: #484848;\">La guerre civile aura laiss\u00e9 des s\u00e9quelles dans la r\u00e9gion. Apr\u00e8s Jacques Davy du Perron succ\u00e8de son fr\u00e8re Jean. A la mort de ce dernier en 1622, l&rsquo;archev\u00each\u00e9 sera d\u00e9membr\u00e9 pour cr\u00e9er celui de Paris. Sens perd alors son plus prestigieux paroissien, le roi.<\/span><br style=\"font-weight: normal; color: #484848;\"><span style=\"font-weight: normal; color: #484848;\">D&rsquo;une certaine mani\u00e8re, on peut dire que la dislocation de l&rsquo;archev\u00each\u00e9 marque l&rsquo;apog\u00e9e de l&rsquo;histoire de la cit\u00e9e.&nbsp;<\/span><br style=\"font-weight: normal; color: #484848;\"><br style=\"font-weight: normal; color: #484848;\"><span style=\"font-weight: normal; color: #484848;\">Richelieu ordonne l&rsquo;\u00e9l\u00e9vation du tombeau des fr\u00e8res Perron dans la cath\u00e9drale.<\/span><br style=\"font-weight: normal; color: #484848;\"><br style=\"font-weight: normal; color: #484848;\"><br style=\"font-weight: normal; color: #484848;\"><\/p>\n<div style=\"font-weight: normal; color: #484848; text-align: justify;\"><span id=\"17\" class=\"siecle\" style=\"font-weight: bold; color: #33cc00;\">17\u00e8me si\u00e8cle<\/span><br style=\"color: #484848;\"><br style=\"color: #484848;\">Ce si\u00e8cle est marqu\u00e9 par le retour du&nbsp;<a style=\"font-weight: bold; color: #006699;\" href=\"http:\/\/fr.wikipedia.org\/wiki\/Mysticisme\" target=\"_blank\" rel=\"noopener noreferrer\">mysticisme<\/a>. Depuis la fracture, l&rsquo;archev\u00eaque et plus pr\u00e9sent \u00e0 Sens. On restaure aussi les anciens couvents.<br style=\"color: #484848;\"><br style=\"color: #484848;\">En 1622, la&nbsp;<a style=\"font-weight: bold; color: #006699;\" title=\"Province eccl\u00e9siastique de Sens\" href=\"http:\/\/fr.wikipedia.org\/wiki\/Province_eccl%C3%A9siastique_de_Sens\" target=\"_blank\" rel=\"noopener noreferrer\">province eccl\u00e9siastique de Sens<\/a>&nbsp;fut divis\u00e9e en deux, Chartres, Meaux, et Orl\u00e9ans devenaient&nbsp;<a style=\"font-weight: bold; color: #006699;\" href=\"http:\/\/fr.wikipedia.org\/wiki\/Suffragant\" target=\"_blank\" rel=\"noopener noreferrer\">suffragant<\/a>s du nouvel archev\u00each\u00e9&nbsp;: Paris.<br style=\"color: #484848;\"><br style=\"color: #484848;\">En 1631,&nbsp;<a style=\"font-weight: bold; color: #006699;\" href=\"http:\/\/fr.wikipedia.org\/wiki\/Armand_Jean_du_Plessis_de_Richelieu\" target=\"_blank\" rel=\"noopener noreferrer\">Richelieu<\/a>,<a style=\"font-weight: bold; color: #006699;\" href=\"http:\/\/fr.wikipedia.org\/wiki\/Louis_XIII_de_France\" target=\"_blank\" rel=\"noopener noreferrer\">&nbsp;Louis XIII<\/a>,&nbsp;<a style=\"font-weight: bold; color: #006699;\" href=\"http:\/\/fr.wikipedia.org\/wiki\/Anne_d%27Autriche_%281601-1666%29\" target=\"_blank\" rel=\"noopener noreferrer\">Anne d&rsquo;Autriche<\/a>&nbsp;passe par Sens : ils poursuivent et&nbsp;<a style=\"font-weight: bold; color: #006699;\" href=\"http:\/\/fr.wikipedia.org\/wiki\/Gaston_de_France\" target=\"_blank\" rel=\"noopener noreferrer\">Gaston d&rsquo;Orl\u00e9ans<\/a>&nbsp;(fr\u00e8re du roi) suite \u00e0 un complot avort\u00e9. Ils s&rsquo;arr\u00eatent bri\u00e8vement \u00e0 Paron chez l&rsquo;ancienne nourrice du roi, madame de Jorron.<br style=\"color: #484848;\"><br style=\"color: #484848;\">De nouveaux ordres religieux apparaissent \u00e0 Sens en 1638 :&nbsp;<a style=\"font-weight: bold; color: #006699;\" href=\"http:\/\/fr.wikipedia.org\/wiki\/Confr%E9rie_de_p%E9nitents\" target=\"_blank\" rel=\"noopener noreferrer\">P\u00e9nitents<\/a>,&nbsp;<a style=\"font-weight: bold; color: #006699;\" href=\"http:\/\/fr.wikipedia.org\/wiki\/Fr%3Fres_mineurs_capucins\" target=\"_blank\" rel=\"noopener noreferrer\">Capucins<\/a>,&nbsp;<a style=\"font-weight: bold; color: #006699;\" href=\"http:\/\/fr.wikipedia.org\/wiki\/Ordre_de_Sainte-Ursule\" target=\"_blank\" rel=\"noopener noreferrer\">Ursulines<\/a>,&nbsp;<a style=\"font-weight: bold; color: #006699;\" href=\"http:\/\/fr.wikipedia.org\/wiki\/S%3Furs_de_l%27Annonciade\" target=\"_blank\" rel=\"noopener noreferrer\">Annonciades<\/a>&nbsp;et les&nbsp;<a style=\"font-weight: bold; color: #006699;\" href=\"http:\/\/fr.wikipedia.org\/wiki\/Compagnie_de_J%E9sus\" target=\"_parent\" rel=\"noopener noreferrer\">J\u00e9suites<\/a>&nbsp;qui vont s&rsquo;occuper du coll\u00e8ge.<br style=\"color: #484848;\"><br style=\"color: #484848;\">5 septembre 1638, une salve d&rsquo;artillerie est tir\u00e9e sur la place Saint-Etienne \u00e0 l&rsquo;occasion de la naissance de <a style=\"font-weight: bold; color: #006699;\" href=\"http:\/\/fr.wikipedia.org\/wiki\/Louis_XIV_de_France\" target=\"_blank\" rel=\"noopener noreferrer\">Louis XIV<\/a>. Cela cause quelques d\u00e9g\u00e2ts dans le quartier. La d\u00e9tonation fait \u00e9clater tous les vitraux de la fa\u00e7ade de la cath\u00e9drale.<br style=\"color: #484848;\"><br style=\"color: #484848;\">Passage du jeune Louis XIV \u00e0 Sens le 8 et 9 mars 1650, accompagn\u00e9 de la Reine m\u00e8re Anne d&rsquo;Autriche et de&nbsp;<a style=\"font-weight: bold; color: #006699;\" href=\"http:\/\/fr.wikipedia.org\/wiki\/Jules_Mazarin\" target=\"_blank\" rel=\"noopener noreferrer\">Mazarin<\/a>, alors qu&rsquo;ils se rendaient \u00e0 Dijon pour apaiser la fronde.<br style=\"color: #484848;\">La m\u00eame ann\u00e9e, le graveur&nbsp;<a style=\"font-weight: bold; color: #006699;\" href=\"http:\/\/fr.wikipedia.org\/wiki\/Matth%E4us_Merian\" target=\"_blank\" rel=\"noopener noreferrer\">M\u00e9rian<\/a>&nbsp;r\u00e9alise une vue g\u00e9n\u00e9rale de Sens pour son ouvrage sur les villes de France.&nbsp;<br style=\"color: #484848;\"><br style=\"color: #484848;\"><span style=\"color: #484848;\">Juillet 1680, l\u00e9g\u00e8re secousse tellurique.<\/span><br style=\"color: #484848;\"><br style=\"color: #484848;\">10019_32<br style=\"color: #484848;\"><br style=\"color: #484848;\"><\/div>\n<p style=\"text-align: justify;\"><strong style=\"font-weight: normal; color: #484848;\"><span id=\"18\" class=\"siecle\" style=\"font-weight: bold; color: #33cc00;\">18\u00e8me si\u00e8cle<\/span><br style=\"color: #484848;\"><br style=\"color: #484848;\">Construction des \u00e9curies, batiment retour du palais synodale, oeuvre de l&rsquo;architecte&nbsp;<a style=\"font-weight: bold; color: #006699;\" href=\"http:\/\/fr.wikipedia.org\/wiki\/Claude-Louis_d%27Aviler\" target=\"_blank\" rel=\"noopener noreferrer\">Claude-Louis d&rsquo;Aviler<\/a>.<\/strong><\/p>\n<p style=\"text-align: justify;\"><strong style=\"font-weight: normal; color: #484848;\">La famille Dum\u00e9e installe son 1er moulin en 1703.<br style=\"color: #484848;\"><br style=\"color: #484848;\">En 1737, dans la nuit du 25 au 26 septembre, 2 voleurs de 19 et 22 ans s&rsquo;introduisent par effraction dans l&rsquo;\u00e9glise Saint-Maurice. Ils d\u00e9robent les vases sacr\u00e9s et les emportent au bout du faubourg de l&rsquo;Yonne, les brisent sur place, renverse l&rsquo;huile sainte, ouvrent l&rsquo;ostensoir et mangent les hosties.<br style=\"color: #484848;\">Ils furent arr\u00eat\u00e9s un mois plus tard. Ils reconnaissent les faits, ainsi que d&rsquo;autres vols dans les \u00e9glises de Saint-Martin du tertre, Maillot, Armeau. Ils seront alors jug\u00e9s coupables le 9 novembre et ex\u00e9cut\u00e9s le m\u00eame jour. Ils auront le poing droit tranch\u00e9 avant d&rsquo;\u00eatre ensuite br\u00fbl\u00e9s vifs sur le lieu m\u00eame du \u00ab\u00a0parc de la Croix des Br\u00fbl\u00e9s\u00a0\u00bb ( entre le boulevard de la Convention et la rue C\u00e9cile-de-Marsangy).<br style=\"color: #484848;\">Leurs cendres sont jet\u00e9es au vent. Une croix fut \u00e9rig\u00e9e sur le site durant des ann\u00e9es.<br style=\"color: #484848;\"><br style=\"color: #484848;\">R\u00e9alisation de la grande porte du choeur de la cath\u00e9drale en 1762. Oeuvre du ferronier Guillaume Dor\u00e9 faite \u00e0 la demande du cardinal de Luynes. Restaur\u00e9e en 1946&nbsp;<br style=\"color: #484848;\"><br style=\"color: #484848;\">En 1765<\/strong><span style=\"font-weight: normal; color: #484848;\">&nbsp;et&nbsp;<\/span><strong style=\"font-weight: normal; color: #484848;\">1767, l&rsquo;<\/strong><span style=\"font-weight: normal; color: #484848;\">inhumation du&nbsp;<\/span><a style=\"font-weight: bold; color: #006699;\" href=\"http:\/\/fr.wikipedia.org\/wiki\/Louis_de_France_%281729-1765%29\" target=\"_blank\" rel=\"noopener noreferrer\">Dauphin<\/a><span style=\"font-weight: normal; color: #484848;\">, fils de Louis XV, et de la&nbsp;<\/span><a style=\"font-weight: bold; color: #006699;\" href=\"http:\/\/fr.wikipedia.org\/wiki\/Marie-Jos%C3%A8phe_de_Saxe\" target=\"_blank\" rel=\"noopener noreferrer\">Dauphine<\/a><span style=\"font-weight: normal; color: #484848;\">.<\/span><br style=\"font-weight: normal; color: #484848;\"><span style=\"font-weight: normal; color: #484848;\">Ils sont les parents des trois derniers rois de France :&nbsp;<\/span><a style=\"font-weight: bold; color: #006699;\" href=\"http:\/\/fr.wikipedia.org\/wiki\/Louis_XVI_de_France\" target=\"_blank\" rel=\"noopener noreferrer\">Louis XVI<\/a><span style=\"font-weight: normal; color: #484848;\">,&nbsp;<\/span><a style=\"font-weight: bold; color: #006699;\" href=\"http:\/\/fr.wikipedia.org\/wiki\/Louis_XVIII_de_France\" target=\"_blank\" rel=\"noopener noreferrer\">Louis XVIII<\/a><span style=\"font-weight: normal; color: #484848;\">,&nbsp;<\/span><a style=\"font-weight: bold; color: #006699;\" href=\"http:\/\/fr.wikipedia.org\/wiki\/Charles_X_de_France\" target=\"_blank\" rel=\"noopener noreferrer\">Charles X<\/a><span style=\"font-weight: normal; color: #484848;\">.<\/span><br style=\"font-weight: normal; color: #484848;\"><span style=\"font-weight: normal; color: #484848;\">1777, le<\/span><a style=\"font-weight: bold; color: #006699;\" href=\"http:\/\/fr.wikipedia.org\/wiki\/Louis_XVIII_de_France\" target=\"_blank\" rel=\"noopener noreferrer\">&nbsp;Comte de provence<\/a><span style=\"font-weight: normal; color: #484848;\">&nbsp;(futur Louis XVIII, pendant les 100 jours) passe \u00e0 Sens pour ce receuillir sur la tombe de ses parents.<\/span><br style=\"font-weight: normal; color: #484848;\"><span style=\"font-weight: normal; color: #484848;\">La porte Dauphine est r\u00e9alis\u00e9e la m\u00eame ann\u00e9e par&nbsp;<\/span><span dir=\"auto\" style=\"font-weight: normal; color: #484848;\"><a style=\"font-weight: bold; color: #006699;\" href=\"http:\/\/fr.wikipedia.org\/wiki\/Charles-Axel_Guillaumot\" target=\"_blank\" rel=\"noopener noreferrer\">Charles-Axel Guillaumot<\/a>.<br \/>\n<\/span><br style=\"font-weight: normal; color: #484848;\"><span style=\"font-weight: normal; color: #484848;\">Mai 1779, crue de l&rsquo;Yonne.<\/span><\/p>\n<p style=\"text-align: justify;\">En 1785, \u00e0 l&rsquo;angle des rues Beaurepaire et de Laurencin, un jeune lieutenant en second d&rsquo;artillerie est aper\u00e7u dans la diligence. Il s&rsquo;agit, en fait, de Napol\u00e9on qui, \u00e0 tout juste 16 ans, part pour sa premi\u00e8re mission.<br style=\"font-weight: normal; color: #484848;\"><br style=\"font-weight: normal; color: #484848;\"><span style=\"font-weight: normal; color: #484848;\">En 1787, l&rsquo;axe nord-sud est perc\u00e9 de part en part, emputant au passage le cloitre : c&rsquo;est la rue de la R\u00e9publique. Les constructions visibles encore aujourd&rsquo;hui datent principalement de cette \u00e9poque (18\u00e8me et 19\u00e8me si\u00e8cles).<\/span><\/p>\n<p style=\"text-align: justify;\"><span style=\"font-weight: normal; color: #484848;\">Avant m\u00eame la R\u00e9volution, l<span class=\"d2edcug0 hpfvmrgz qv66sw1b c1et5uql b0tq1wua a8c37x1j fe6kdd0r mau55g9w c8b282yb keod5gw0 nxhoafnm aigsh9s9 d9wwppkn hrzyx87i jq4qci2q a3bd9o3v b1v8xokw oo9gr5id hzawbc8m\" dir=\"auto\">e Cardinal Lom\u00e9nie de Brienne, archev\u00eaque de Sens et Principal ministre de Louis XVI, souhaite convoquer les \u00c9tats G\u00e9n\u00e9raux d\u00e8s 1788\u2026 \u00e0 Sens !<br \/>\n<span class=\"d2edcug0 hpfvmrgz qv66sw1b c1et5uql b0tq1wua a8c37x1j fe6kdd0r mau55g9w c8b282yb keod5gw0 nxhoafnm aigsh9s9 d9wwppkn hrzyx87i jq4qci2q a3bd9o3v b1v8xokw oo9gr5id\" dir=\"auto\" lang=\"fr\">Ce n\u2019\u00e9tait pas la premi\u00e8re fois qu\u2019il \u00e9tait envisag\u00e9 cela.<br \/>\nFinalement, Lom\u00e9nie de Brienne y sera pour beaucoup dans la convocation de ces \u00e9tats g\u00e9n\u00e9raux&#8230;<\/span><\/span><\/span><br style=\"font-weight: normal; color: #484848;\"><br style=\"font-weight: normal; color: #484848;\"><span style=\"font-weight: normal; color: #484848;\">A la R\u00e9volution, les statues du grand portail de la cath\u00e9drale sont mutil\u00e9es, le 7 novembre 1793 par les Marseillais (sauf une qui portait le bonnet phrygien). M\u00eame chose pour d&rsquo;autres \u00e9diffices, telle que l&rsquo;abbaye Saint-Pierre le Vif qui est saccag\u00e9e.<\/span><br style=\"font-weight: normal; color: #484848;\"><br style=\"font-weight: normal; color: #484848;\">Durant la p\u00e9riode r\u00e9volutionnaire, les cloches de la tour de plombs (nord) sont r\u00e9cup\u00e9r\u00e9es et fondues pour fabriquer des canons.<br \/>\n<br style=\"font-weight: normal; color: #484848;\"><span id=\"19\" class=\"siecle\" style=\"font-weight: bold; color: #33cc00;\">19\u00e8me si\u00e8cle<br \/>\n<\/span>1805, achat d&rsquo;une parcelle pour le nouveau cimeti\u00e8re, avec entr\u00e9e principale rue Auguet.<\/p>\n<p style=\"text-align: justify;\">Anciennement appel\u00e9e l&rsquo;Esplanade, la place Jean Jaur\u00e8s vit passer Napol\u00e9on le 1<span class=\"sup\">er<\/span> d\u00e9cembre 1805, alors qu&rsquo;il partait se faire couronner roi d&rsquo;Italie. \u00c0 l&rsquo;\u00e9poque, la port\u00e9e de l&rsquo;\u00e9v\u00e9nement fut tel que la porte royale fut rebaptis\u00e9e porte imp\u00e9riale.<\/p>\n<p style=\"text-align: justify;\">L\u2019empire de Napol\u00e9on est arriv\u00e9 \u00e0 son apog\u00e9e avec ses 130 d\u00e9partements. Mais en 1812 la campagne de Russie tourne au d\u00e9sastre, et en 1813, la campagne d\u2019Allemagne se solde par la d\u00e9faite de Leipzig. A Sens, le \u00ab&nbsp;m\u00e9morial&nbsp;\u00bb r\u00e9dig\u00e9 par Tarb\u00e9 nous apprend par exemple qu\u2019\u00e0 la cath\u00e9drale un Te deum fut \u00ab<i>&nbsp;chant\u00e9 en action de gr\u00e2ces des victoires remport\u00e9es sur les Russes&nbsp;\u00bb <\/i>le 11 octobre 1812 peu de jours avant le d\u00e9but de la retraite et que le 18 f\u00e9vrier 1813 d\u00e9c\u00e9da <i>\u00ab&nbsp;M. Jacques Fran\u00e7ois Lefournier d\u2019Yauville, maire de la ville de Sens, \u00e2g\u00e9 de 35 ans&nbsp;\u00bb.<\/i><br \/>\n<br style=\"font-weight: normal; color: #484848;\"><span style=\"font-weight: normal; color: #484848;\">F\u00e9vrier 1814 : les troupes de Wurtemberg assi\u00e8gent Sens, alors d\u00e9fendue par le g\u00e9n\u00e9ral&nbsp;<\/span><a style=\"font-weight: bold; color: #006699;\" href=\"http:\/\/www.senon.org\/site\/index.php?page=personnalites#allix\">Jacques Alexandre Fran\u00e7ois Allix de Vaux<\/a><span style=\"font-weight: normal; color: #484848;\">.<\/span><br style=\"font-weight: normal; color: #484848;\"><span style=\"font-weight: normal; color: #484848;\">Apr\u00e8s douze jours d&rsquo;attaques successives, et quarante heures de bombardement, les troupes Wustembergeoises p\u00e9n\u00e8trent dans la ville par la poterne du coll\u00e8ge Mallarm\u00e9 le 11 f\u00e9vrier.<\/span><br style=\"font-weight: normal; color: #484848;\"><span style=\"font-weight: normal; color: #484848;\">Sens tombe ainsi au pouvoir des coalis\u00e9s. Les cosaques bivouaquent dans la cath\u00e9drale. Furieux d&rsquo;avoir perdu tant de braves aux portes d&rsquo;une ville d\u00e9pourvue de fortifications r\u00e9guli\u00e8res, ils pillent la ville avant de partir le 19 mars.<br \/>\nNapol\u00e9on d\u00e9jeune \u00e0 l&rsquo;h\u00f4tel de l&rsquo;\u00c9cu le 30 mars 1814 : Paris \u00e9tait assi\u00e9g\u00e9, Napol\u00e9on arrivait de Troyes.<\/span><br style=\"font-weight: normal; color: #484848;\"><br style=\"font-weight: normal; color: #484848;\"><span style=\"font-weight: normal; color: #484848;\">1825, Charles X passe \u00e0 Sens pour se recueillir sur la tombe de ses parents, le Dauphin et la Dauphine. A cette occasion, il laisse son manteau royal pour endeuiller et recouvrir le mausol\u00e9e \u00e0 l&rsquo;occasion de chaque messe rendue en leur hommage.<\/span><br style=\"font-weight: normal; color: #484848;\"><br style=\"font-weight: normal; color: #484848;\"><span style=\"font-weight: normal; color: #484848;\">1833, cr\u00e9ation de l&rsquo;amicale des anciens \u00e9l\u00e8ves du lyc\u00e9e de Sens.<\/span><br style=\"font-weight: normal; color: #484848;\"><br style=\"font-weight: normal; color: #484848;\"><span style=\"font-weight: normal; color: #484848;\">Passage de Victor Hugo \u00e0 Sens en 1839.<\/span><\/p>\n<p style=\"text-align: justify;\">1842, achat de nouvelles parcelles pour compl\u00e9ter le cimeti\u00e8re. Rue de Bellenave cr\u00e9\u00e9e avec nouvelle entr\u00e9e principale du cimeti\u00e8re.<br style=\"font-weight: normal; color: #484848;\"><br style=\"font-weight: normal; color: #484848;\"><span style=\"font-weight: normal; color: #484848;\">Une grande partie des murailles sont d\u00e9truites au 19\u00e8me si\u00e8cle, pour laisser la place \u00e0 des habitations bourgeoises. Les pierres qui sont issues de ce d\u00e9mentellement sont revendues par les carriers et sont destin\u00e9es \u00e0 la construction de maisons s\u00e9nonaises. La cr\u00e9ation de la Soci\u00e9t\u00e9 Arch\u00e9ologique S\u00e9nonaise en 1844 (CEREP) a permis de sauver quelques pierres sculpt\u00e9es datant de l&rsquo;\u00e9poque romaine, qui ont \u00e9t\u00e9 utilis\u00e9es dans l&rsquo;ancien ouvrage d\u00e9fensif.<\/span><\/p>\n<p>1845, la <span class=\"x193iq5w xeuugli x13faqbe x1vvkbs x10flsy6 x1lliihq x1s928wv xhkezso x1gmr53x x1cpjm7i x1fgarty x1943h6x x4zkp8e x41vudc x6prxxf xvq8zen xo1l8bm xzsf02u\" dir=\"auto\">tour de plomb de la cath\u00e9drale est d\u00e9truite.<br \/>\n<\/span><br style=\"font-weight: normal; color: #484848;\"><span style=\"font-weight: normal; color: #484848;\">Le 8 septembre 1849, inauguration de la&nbsp;<\/span><a style=\"font-weight: bold; color: #006699;\" href=\"http:\/\/fr.wikipedia.org\/wiki\/Gare_de_Sens\" target=\"_blank\" rel=\"noopener noreferrer\">gare P.L.M. (Paris-Lyon-Marseille) de Sens<\/a><span style=\"font-weight: normal; color: #484848;\">, par Louis-Napol\u00e9on Bonaparte et M. Pignon, maire de la ville. Ce nouveau type de transport sonna le glas des activit\u00e9s fluviales sur l&rsquo;Yonne.<\/span><\/p>\n<p style=\"text-align: justify;\">1860, installation de l&rsquo;\u00e9cluse manuelle de Saint Bond. Les Moulins Dum\u00e9e s&rsquo;installent rue de Mondereau, la m\u00eame ann\u00e9e.<\/p>\n<p>Louis Pasteur est venu \u00e0 Sens en 1861 \u00e0 l&rsquo;inauguration de la statue du baron Th\u00e9nard. Sa femme, Marie Laurent a fait ses \u00e9tudes \u00e0 Sens de 1836 \u00e0 1838 lorsque son p\u00e8re \u00e9tait le principal du coll\u00e8ge de la ville. En 1849, Pasteur, jeune professeur est invit\u00e9 par M. Laurent, devenu recteur de l&rsquo;acad\u00e9mie de Strasbourg. Il fait la rencontre de Marie Laurent dont il tombe amoureux. Le mariage eut lieu en l&rsquo;\u00e9glise Sainte-Magdelaine de Strasbourg. Il fallut aller chercher Pasteur qui, pench\u00e9 sur son microscope, avait oubli\u00e9 la c\u00e9r\u00e9monie.<\/p>\n<div class=\"cartodb-popup-content-wrapper\">\n<div class=\"cartodb-popup-content jspScrollable\" tabindex=\"0\">\n<div class=\"jspContainer\">\n<div class=\"jspVerticalBar\"><span style=\"font-weight: normal; color: #484848;\">1870, cr\u00e9ation de l&rsquo;entreprise \u00ab\u00a0Les moulins Dum\u00e9e\u00a0\u00bb.<\/span><\/div>\n<\/div>\n<\/div>\n<\/div>\n<p style=\"text-align: justify;\"><span style=\"font-weight: normal; color: #484848;\">1870-1871, la ville est occup\u00e9e par les Prussiens.<\/span><br style=\"font-weight: normal; color: #484848;\"><br style=\"font-weight: normal; color: #484848;\"><span style=\"font-weight: normal; color: #484848;\">1876, cr\u00e9ation de l&rsquo;Avenue Vauban pour permettre l&rsquo;acc\u00e8s direct \u00e0 la gare.<\/span><\/p>\n<p style=\"text-align: justify;\"><span class=\"x193iq5w xeuugli x13faqbe x1vvkbs x10flsy6 x1lliihq x1s928wv xhkezso x1gmr53x x1cpjm7i x1fgarty x1943h6x x4zkp8e x41vudc x6prxxf xvq8zen xo1l8bm xzsf02u x1yc453h\" dir=\"auto\">Au mois de d\u00e9cembre 1879, le mercure du thermom\u00e8tre descend \u00e0 -23,9\u00b0C \u00e0 Paris, \u00e0 -28\u00b0C \u00e0 Orl\u00e9ans et jusqu\u2019\u00e0 -30 \u00b0C \u00e0 Nancy. Sous ce froid sib\u00e9rien, sans surprise, la plupart des fleuves et rivi\u00e8res fran\u00e7ais g\u00e8lent, avec l&rsquo;Yonne et la Seine avec eux.<\/span><br style=\"font-weight: normal; color: #484848;\"><br style=\"font-weight: normal; color: #484848;\"><span style=\"font-weight: normal; color: #484848;\">1880, construction du pont de chemin de fer.<\/span><\/p>\n<p><span class=\"x193iq5w xeuugli x13faqbe x1vvkbs x10flsy6 x1lliihq x1s928wv xhkezso x1gmr53x x1cpjm7i x1fgarty x1943h6x x4zkp8e x41vudc x6prxxf xvq8zen xo1l8bm xzsf02u x1yc453h\" dir=\"auto\">Le 15 juillet 1882, le march\u00e9 couvert est inaugur\u00e9.<br \/>\n<\/span><\/p>\n<p style=\"text-align: justify;\">16 juillet 1882, inauguration du Th\u00e9\u00e2tre.<br style=\"font-weight: normal; color: #484848;\"><br style=\"font-weight: normal; color: #484848;\"><span style=\"font-weight: normal; color: #484848;\">1883, \u00e9cole Sainte-Paule fond\u00e9e, rue Ab\u00e9lard.<\/span><br style=\"font-weight: normal; color: #484848;\"><br style=\"font-weight: normal; color: #484848;\"><span style=\"font-weight: normal; color: #484848;\">1888, destruction de la porte Dauphine pour laisser plus de place au trafic.<\/span><br style=\"font-weight: normal; color: #484848;\"><br style=\"font-weight: normal; color: #484848;\"><span style=\"font-weight: normal; color: #484848;\">1892, l&rsquo;ile Kley est ras\u00e9e et dragu\u00e9e, alors que l&rsquo;ile d&rsquo;Yonne est remodel\u00e9e (ilots assembl\u00e9s) et la digue qui fermait l&rsquo;entr\u00e9e de la fausse rivi\u00e8re est supprim\u00e9e.&nbsp;<\/span><br style=\"font-weight: normal; color: #484848;\"><br style=\"font-weight: normal; color: #484848;\"><span style=\"font-weight: normal; color: #484848;\">1898, exposition industrielle.<\/span><br style=\"font-weight: normal; color: #484848;\"><br style=\"font-weight: normal; color: #484848;\"><span id=\"20\" class=\"siecle\" style=\"font-weight: bold; color: #33cc00;\">20\u00e8me si\u00e8cle<\/span><span style=\"font-weight: normal; color: #484848;\">&nbsp;<\/span><br style=\"font-weight: normal; color: #484848;\"><br style=\"font-weight: normal; color: #484848;\"><span style=\"font-weight: normal; color: #484848;\">1902, inauguration de la Caisse d&rsquo;Epargne actuelle. Elle \u00e9tait auparavant situ\u00e9e dans l&rsquo;H\u00f4tel de Ville (rue Rigault), puis rue Jean-Cousin (actuel mus\u00e9e).<\/span><br style=\"font-weight: normal; color: #484848;\"><br style=\"font-weight: normal; color: #484848;\"><span style=\"font-weight: normal; color: #484848;\">1904, d\u00e9molition et reconstruction du faubourg de l&rsquo;Yonne (ile) pour moderniser et \u00e9largir la voie (avenue Lucien Cornet).<br \/>\nP\u00e2ques 1904, inauguration de l&rsquo;h\u00f4tel de ville.<br \/>\n1904, monument aux morts de la guerre de 1870.<\/span><br style=\"font-weight: normal; color: #484848;\"><br style=\"font-weight: normal; color: #484848;\"><span style=\"font-weight: normal; color: #484848;\">Janvier 1910, l&rsquo;Yonne est en crue pendant 19 jours. C&rsquo;est le niveau le plus fort jamais enregistr\u00e9 \u00e0 Sens&nbsp;: 4,44&nbsp;m\u00e8tres.<\/span><\/p>\n<p>5 juin 1910, 75\u00e8me anniversaire de la Caisse d\u2019\u00c9pargne de Sens, avec banquet au palais synodale, en pr\u00e9sence de Lucien Cornet.<br style=\"font-weight: normal; color: #484848;\"><br style=\"font-weight: normal; color: #484848;\"><span style=\"font-weight: normal; color: #484848;\">1911-1912, remplacement du vieux pont en dos d&rsquo;\u00e2ne, c\u00f4t\u00e9 \u00e9glise Saint-Maurice. La construction de ce nouveau pont, a \u00e9t\u00e9 dirig\u00e9e par l&rsquo;ing\u00e9nieur Lejeune et l&rsquo;entrepreneur Marginier. Il a \u00e9t\u00e9 livr\u00e9 \u00e0 la circulation le 1\u00e8r d\u00e9cembre 1912 et inaugur\u00e9 le 18 mai 1913.<\/span><\/p>\n<p>1 ao\u00fbt 1914 , le tocsin des \u00e9glises appelle \u00e0 la&nbsp;mobilisation g\u00e9n\u00e9rale.<br \/>\n3 ao\u00fbt 1914, l&rsquo;Allemagne d\u00e9clare la guerre \u00e0 la France.<\/p>\n<p>Le 4 septembre 1914 a \u00e9t\u00e9 c\u00e9l\u00e9br\u00e9e, dans la salle des mariages de l&rsquo;h\u00f4tel de ville, l&rsquo;union de Louis-Alphonse Gassion, contorsionniste et Annette Giovanna Maillard, chanteuse de rue. Ils s&rsquo;\u00e9taient rencontr\u00e9s \u00e0 la foire de Paris. Louis Alphonse Gassion avait rejoint la mobilisation g\u00e9n\u00e9rale \u00e0 la caserne G\u00e9meau de Sens. Le 19 d\u00e9cembre 1915 naissait leur fille \u00c9dith, qui deviendra plus tard \u00c9dith Piaf.<\/p>\n<p style=\"text-align: justify;\"><span style=\"font-weight: normal; color: #484848;\">A partir de 1914, la ville accueille beaucoup de r\u00e9fugi\u00e9s qui fuient les combats.&nbsp;<\/span><br style=\"font-weight: normal; color: #484848;\"><span style=\"font-weight: normal; color: #484848;\">C&rsquo;est aussi une \u00ab\u00a0ville h\u00f4pital\u00a0\u00bb :<\/span><br style=\"font-weight: normal; color: #484848;\"><span style=\"font-weight: normal; color: #484848;\">&#8211; h\u00f4pital auxiliaire du territoire n\u00b0105 dans les locaux occup\u00e9s par l&rsquo;orphelinat Bellocier, rue de l&rsquo;ile d&rsquo;Yonne (actuelle cr\u00e8che Saint Maurice),<\/span><br style=\"font-weight: normal; color: #484848;\"><span style=\"font-weight: normal; color: #484848;\">&#8211; h\u00f4pital auxiliaire du territoire n\u00b016 dans les murs de l&rsquo;\u00e9cole Th\u00e9nard (\u00e9tablissement connu avant sous le nom de Fr\u00e8res des Ecoles Chr\u00e9tiennes ; aujourd&rsquo;hui : ???), 174 grande rue (actuelle rue des D\u00e9port\u00e9s de la R\u00e9sistance),<\/span><br style=\"font-weight: normal; color: #484848;\"><span style=\"font-weight: normal; color: #484848;\">&#8211; h\u00f4pital auxiliaire du territoire n\u00b031 dans l&rsquo;ancien grand S\u00e9minaire (coll\u00e8ge Montpezat), 131 grande rue (actuelle rue des D\u00e9port\u00e9s de la R\u00e9sistance),<br \/>\n&#8211; h\u00f4pital n\u00b0 32&nbsp; dans le Lyc\u00e9e de Gar\u00e7ons, rue Th\u00e9nard (coll\u00e8ge Mallarm\u00e9) &#8211; 275 places. Fonctionne du 10 ao\u00fbt 1914 au 24 ao\u00fbt 1916.<\/span><br style=\"font-weight: normal; color: #484848;\"><span style=\"font-weight: normal; color: #484848;\">&#8211; h\u00f4pital auxiliaire du territoire n\u00b025 dans l&rsquo;\u00e9cole Saint-Edm\u00e9e (\u00e9cole Saint-Etienne), 200 grande rue (actuelle rue des D\u00e9port\u00e9s de la R\u00e9sistance),<\/span><br style=\"font-weight: normal; color: #484848;\"><span style=\"font-weight: normal; color: #484848;\">&#8211; h\u00f4pital auxiliaire du territoire n\u00b089 et 289 dans la caserne G\u00e9meau (\u00e9cole de police),<\/span><br style=\"font-weight: normal; color: #484848;\"><span style=\"font-weight: normal; color: #484848;\">h\u00f4pital auxiliaire du territoire n\u00b0168 et 368 dans l&rsquo;ancien Archev\u00each\u00e9.<\/span><br style=\"font-weight: normal; color: #484848;\"><span style=\"font-weight: normal; color: #484848;\">Pr\u00e8s de 600 bless\u00e9s et malades furent soign\u00e9s pendant la 1\u00e8re guerre mondiale.&nbsp;<\/span><br style=\"font-weight: normal; color: #484848;\"><span style=\"font-weight: normal; color: #484848;\">Quelques usines menac\u00e9es y sont aussi transf\u00e9r\u00e9es (Pont-\u00e0-Mousson).<\/span><br style=\"font-weight: normal; color: #484848;\"><br style=\"font-weight: normal; color: #484848;\"><span style=\"font-weight: normal; color: #484848;\">30 mai 1916, accident de chemin de fer : un train de marchandises entre en collision avec 3 machines stationnant sur la voie. 6 bless\u00e9s et 1 mort. 18000 litres de vin perdus.<br \/>\n<\/span><br style=\"font-weight: normal; color: #484848;\">D\u00e9but des ann\u00e9es 1920 : ouverture du cin\u00e9ma Rex.<\/p>\n<p>26 juin 1922, d\u00e9c\u00e8s de Lucien Cornet.<br \/>\n<br style=\"font-weight: normal; color: #484848;\"><span style=\"font-weight: normal; color: #484848;\">30 d\u00e9cembre 1923, crue de l&rsquo;Yonne (3,73m).<\/span><\/p>\n<p><span class=\"d2edcug0 hpfvmrgz qv66sw1b c1et5uql b0tq1wua a8c37x1j keod5gw0 nxhoafnm aigsh9s9 d9wwppkn fe6kdd0r mau55g9w c8b282yb hrzyx87i jq4qci2q a3bd9o3v knj5qynh oo9gr5id\" dir=\"auto\" lang=\"fr\">1936 Construction de la Poste \u00e0 la place de l\u2019Imprimerie s\u00e9nonaise Duchemin qui rempla\u00e7ait elle m\u00eame, la Biblioth\u00e8que du Chapitre, premi\u00e8re biblioth\u00e8que publique de Sens.<br \/>\nPour l\u2019anecdote, l<\/span><span class=\"d2edcug0 hpfvmrgz qv66sw1b c1et5uql b0tq1wua a8c37x1j keod5gw0 nxhoafnm aigsh9s9 d9wwppkn fe6kdd0r mau55g9w c8b282yb hrzyx87i jq4qci2q a3bd9o3v knj5qynh oo9gr5id\" dir=\"auto\" lang=\"fr\">a belle porte coch\u00e8re, rue du G\u00e9n\u00e9ral Duschene (18\u00e8me si\u00e8cle) a \u00e9t\u00e9 sauv\u00e9e par l\u2019action du chanoine Leviste, alors pr\u00e9sident de la Soci\u00e9t\u00e9 arch\u00e9ologique de Sens, quand la Poste (alors PTT) a d\u00e9truit l\u2019h\u00f4tel particulier voisin pour faire un parking. Il y eut un projet municipal de parking public\u2026 sans suite. Le portail, prot\u00e9g\u00e9 Monuments historiques, appartient \u00e0 la Poste et sert principalement \u00e0 abriter les containers des poubelles du Petit super &#8211; march\u00e9 d\u2019en face\u2026&nbsp; \ud83d\ude41 <\/span><br style=\"font-weight: normal; color: #484848;\"><br style=\"font-weight: normal; color: #484848;\"><span style=\"font-weight: normal; color: #484848;\">1937-1938, accueil de r\u00e9fugi\u00e9s espagnols, essentiellement basques et r\u00e9publicains, \u00e0 Sens.<\/span><br \/>\nEn 1937, inauguration de la Poste. Le ministre a d\u00e9lib\u00e9r\u00e9ment omis d&rsquo;inviter le maire (Lazare Bertrand). La France venait de basculer \u00e0 gauche, mais le maire \u00e9tait de droite.<br style=\"font-weight: normal; color: #484848;\"><br style=\"font-weight: normal; color: #484848;\"><span style=\"font-weight: normal; color: #484848;\">Le 8 juin 1940, un bombardement touche la gare de Sens, faisant 14 morts, de nombreux bless\u00e9s. Les d\u00e9g\u00e2ts aux installations ferroviaires et aux quartiers voisins sont tr\u00e8s importants .&nbsp;<\/span><\/p>\n<p>3 jours avant l&rsquo;entr\u00e9e des Allemand \u00e0 Sens, l&rsquo;arm\u00e9e Fran\u00e7aise en retraite met le feu au d\u00e9p\u00f4t de p\u00e9trole pour ne pas abandonner \u00e0 l&rsquo;ennemi le pr\u00e9cieux carburant. Une fum\u00e9e noire recouvre alors la cit\u00e9, d\u00e9j\u00e0 en partie vid\u00e9e de ses habitants.<\/p>\n<p><span class=\"x193iq5w xeuugli x13faqbe x1vvkbs x10flsy6 x1lliihq x1s928wv xhkezso x1gmr53x x1cpjm7i x1fgarty x1943h6x x4zkp8e x41vudc x6prxxf xvq8zen xo1l8bm xzsf02u\" dir=\"auto\" lang=\"fr\">L\u2019arm\u00e9e fran\u00e7aise fait aussi sauter le pont de Pont sur Yonne, le samedi 15 juin 1940 ; de ce fait, les allemands arrivent par la route de Bray et s<\/span><span style=\"font-weight: normal; color: #484848;\">&#8217;emparent de Sens, le m\u00eame jour, apr\u00e8s quelques combats.<br \/>\nDes troupes de l\u2019Arm\u00e9e Fran\u00e7aise sont provisoirement enferm\u00e9es dans la cath\u00e9drale ; qu\u2019Andr\u00e9 Malraux figure parmi les prisonniers\u2026<br \/>\nDes centaines de r\u00e9fugi\u00e9s traversent le d\u00e9partement, fuyant devant l&rsquo;avanc\u00e9e de l&rsquo;arm\u00e9e ennemie.<\/span><br style=\"font-weight: normal; color: #484848;\"><br style=\"font-weight: normal; color: #484848;\"><span style=\"font-weight: normal; color: #484848;\">Avant la guerre, beaucoup de Russes ayant fui la r\u00e9volution bolchevique travaillaient \u00e0 l&rsquo;usine Pont-\u00e0-Mousson, \u00e0 Saint-Denis-l\u00e8s-Sens. Sur le site, il y avait d&rsquo;ailleurs une \u00e9glise orthodoxe (au niveau de la Poste) et un camp avec des baraques pour les travailleurs \u00e9trangers de l&rsquo;usine.<\/span><br style=\"font-weight: normal; color: #484848;\"><span style=\"font-weight: normal; color: #484848;\">Ce camp est r\u00e9quisitionn\u00e9 en 1940 par le sous-pr\u00e9fet pour \u00eatre transform\u00e9 en \u00ab&nbsp;centre de s\u00e9jour surveill\u00e9&nbsp;\u00bb, c&rsquo;est \u00e0 dire un camp d&rsquo;internement pour les \u00e9trangers.&nbsp;<\/span><br style=\"font-weight: normal; color: #484848;\"><span style=\"font-weight: normal; color: #484848;\">Plusieurs rafles&nbsp;ont lieu. La premi\u00e8re, le 10&nbsp;juillet 1942 a concern\u00e9 les Juifs \u00e9trangers adultes. Celle du 8&nbsp;octobre 1942, les enfants. Les Juifs fran\u00e7ais n&rsquo;ont \u00e9t\u00e9 interpell\u00e9s qu&rsquo;\u00e0 partir des 24 et 25&nbsp;f\u00e9vrier 1944. Presque tous ont transit\u00e9 par le&nbsp;<\/span><a style=\"font-weight: bold; color: #006699;\" href=\"http:\/\/fr.wikipedia.org\/wiki\/Camp_de_Drancy\" target=\"_blank\" rel=\"noopener noreferrer\">camp de Drancy<\/a><span style=\"font-weight: normal; color: #484848;\">, les autres via le&nbsp;<\/span><a style=\"font-weight: bold; color: #006699;\" href=\"https:\/\/fr.wikipedia.org\/wiki\/Pithiviers_(camp_de_transit)\" target=\"_blank\" rel=\"noopener noreferrer\">camp de rassemblement de Pithiviers<\/a><span style=\"font-weight: normal; color: #484848;\">. Ils ont termin\u00e9 leur route \u00e0&nbsp;<\/span><a style=\"font-weight: bold; color: #006699;\" href=\"http:\/\/fr.wikipedia.org\/wiki\/Auschwitz\" target=\"_blank\" rel=\"noopener noreferrer\">Auschwitz<\/a><span style=\"font-weight: normal; color: #484848;\">, sauf trois d&rsquo;entre eux extermin\u00e9s \u00e0 Sobibor. (Sources Arory)<\/span><br style=\"font-weight: normal; color: #484848;\"><br style=\"font-weight: normal; color: #484848;\"><span style=\"font-weight: normal; color: #484848;\">1943, passage \u00e0 Sens d&#8217;embarcations de la Kriegsmarine, \u00e0 destination de la m\u00e9dit\u00e9ran\u00e9e.<\/span><br style=\"font-weight: normal; color: #484848;\"><br style=\"font-weight: normal; color: #484848;\"><span style=\"font-weight: normal; color: #484848;\">Juin 1944, Sens subit plusieurs bombardements alli\u00e9s. Apr\u00e8s une 1\u00e8re tentative de bombardement du pont de chemin de fer par les avions anglais, le tablier qui a \u00e9t\u00e9 touch\u00e9 est vite r\u00e9par\u00e9 par le G\u00e9nie allemand. Quelques jours plus tard, le 26 juin 1944, le pont est d\u00e9finitivement d\u00e9truit apr\u00e8s le passage successif de 3 vagues de forteresses volantes am\u00e9ricaines. Au m\u00eame moment des usines sont d\u00e9truites, le d\u00e9p\u00f4t de p\u00e9trole est en feu, le grand s\u00e9minaire qui abritait un \u00e9tat major est touch\u00e9 faisant plus de 100 morts.<\/span><br style=\"font-weight: normal; color: #484848;\"><br style=\"font-weight: normal; color: #484848;\"><span style=\"font-weight: normal; color: #484848;\">Les Allemands se pr\u00e9parent \u00e0 quitter la ville en se camouflant sous les arbres des promenades.<\/span><br style=\"font-weight: normal; color: #484848;\"><br style=\"font-weight: normal; color: #484848;\"><span style=\"font-weight: normal; color: #484848;\">Le 21 ao\u00fbt 1944, Sens est lib\u00e9r\u00e9e par une unit\u00e9 de reconnaissance de <span style=\"font-weight: normal; color: #484848;\">la 3\u00e8me arm\u00e9e,<\/span> command\u00e9e par le g\u00e9n\u00e9ral Patton. Elle \u00e9tait la seule ville de l&rsquo;Yonne situ\u00e9e sur son parcours.<br \/>\nLes ponts de l&rsquo;\u00eele restent intacts malgr\u00e9 les emplacements pr\u00e9vus pour les faire saut\u00e9s \u00e0 l&rsquo;explosif. Les troupes am\u00e9ricaines arrivent par le chemin neuf et envoient en reconnaissance un char de chaque c\u00f4t\u00e9 des promenades. Il y a quelques escarmouches faisant plusieurs morts, mais le gros des troupes allemandes a d\u00e9j\u00e0 quitt\u00e9 la ville.<\/span><br style=\"font-weight: normal; color: #484848;\"><br style=\"font-weight: normal; color: #484848;\"><span style=\"font-weight: normal; color: #484848;\">La 80\u00e8me Division d\u2019Infanterie US installe son QG \u00e0 Sens du 24 au 28 ao\u00fbt 1944.<\/span><br style=\"font-weight: normal; color: #484848;\"><span style=\"font-weight: normal; color: #484848;\">Durant plusieurs mois la ville est travers\u00e9es par les convois alli\u00e9s qui vont rejoindre le front de l&rsquo;est.<br \/>\nLe 326\u00e8me d&rsquo;infanterie de planeurs, sera cantonn\u00e9 \u00e0 Sens (Joigny et Auxerre) de janvier \u00e0 juillet 1945. La 13\u00e8me division de planeurs \u00e9tait bas\u00e9e \u00e0 la caserne de Sens (actuelle \u00e9cole de police nationale). Elle \u00e9tait l\u00e0 pour se pr\u00e9parer aux combats finaux en Allemagne.<br \/>\n<\/span><br style=\"font-weight: normal; color: #484848;\"><span style=\"font-weight: normal; color: #484848;\">Avril 1955, crue de l&rsquo;Yonne (3,52m).<\/span><br style=\"font-weight: normal; color: #484848;\"><br style=\"font-weight: normal; color: #484848;\"><span style=\"font-weight: normal; color: #484848;\">Cr\u00e9ation du district urbain de l&rsquo;agglom\u00e9ration de Sens le 16 juillet 1962. Depuis transform\u00e9 en Communaut\u00e9 de Communes du S\u00e9nonais, au nombre de 9 ce qui repr\u00e9sente 42.000 habitants.<\/span><\/p>\n<p>1957, cr\u00e9ation de la soci\u00e9t\u00e9 HLM de l&rsquo;arrondissement de Sens.<\/p>\n<p>1958, construction des logements sociaux, dans le quartier des Ar\u00e8nes. Les habitants des ces appartements ont \u00e9t\u00e9 relog\u00e9s en 2022, un programme de d\u00e9molition et de r\u00e9novation \u00e9tant \u00e0 l&rsquo;ordre du jour.<br style=\"font-weight: normal; color: #484848;\"><br style=\"font-weight: normal; color: #484848;\"><span style=\"font-weight: normal; color: #484848;\">16 avril 1959, visite du G\u00e9n\u00e9ral de Gaule \u00e0 Sens.<\/span><\/p>\n<p><span class=\"x193iq5w xeuugli x13faqbe x1vvkbs x10flsy6 x1lliihq x1s928wv xhkezso x1gmr53x x1cpjm7i x1fgarty x1943h6x x4zkp8e x41vudc x6prxxf xvq8zen xo1l8bm xzsf02u x1yc453h\" dir=\"auto\">Janvier 1966<\/span>, inondations.<\/p>\n<p><span dir=\"ltr\"><span class=\"_3l3x\">Piscine municipale inaugur\u00e9e en mars ou avril 1966. Architecte Andr\u00e9 Bertrand.<\/span><\/span><br style=\"font-weight: normal; color: #484848;\"><br style=\"font-weight: normal; color: #484848;\"><span style=\"font-weight: normal; color: #484848;\">1968-1969, construction du pont neuf. Inaugur\u00e9 le 30 avril 1969, par&nbsp;<\/span><a style=\"font-weight: bold; color: #006699;\" href=\"http:\/\/fr.wikipedia.org\/wiki\/Jean_Chamant\" target=\"_blank\" rel=\"noopener noreferrer\">Jean Chamant<\/a><span style=\"font-weight: normal; color: #484848;\">, ancien pr\u00e9sident du conseil g\u00e9n\u00e9ral et ministre des transports, Gaston Perrot, maire de Sens et Roger Treill\u00e9, pr\u00e9sident du District urbain.<\/span><br style=\"font-weight: normal; color: #484848;\"><span style=\"font-weight: normal; color: #484848;\">L&rsquo;origine de ce pont est \u00e9troitement li\u00e9e \u00e0 la zone des Sablons qu&rsquo;il fallait absolument d\u00e9sengorger car \u00e0 l&rsquo;\u00e9poque, il n&rsquo;y avait que les vieux ponts de Sens et Pont sur Yonne pour traverser l&rsquo;Yonne.<\/span><br style=\"font-weight: normal; color: #484848;\"><br style=\"font-weight: normal; color: #484848;\"><span style=\"font-weight: normal; color: #484848;\">Fin des ann\u00e9es 60 : arriv\u00e9e des Juifs d&rsquo;Afrique du nord.&nbsp;<\/span><\/p>\n<p style=\"text-align: justify;\">1961, fermeture de l&rsquo;ancienne usine fabricant du gaz (par distillation de la houille), situ\u00e9e \u00e0 Paron, \u00e0 la hauteur de la rue Fijalkowski, mais de l&rsquo;autre c\u00f4t\u00e9 de la voie ferr\u00e9e.<\/p>\n<p><span class=\"x193iq5w xeuugli x13faqbe x1vvkbs x10flsy6 x1lliihq x1s928wv xhkezso x1gmr53x x1cpjm7i x1fgarty x1943h6x x4zkp8e x41vudc x6prxxf xvq8zen xo1l8bm xzsf02u\" dir=\"auto\"><span class=\"x193iq5w xeuugli x13faqbe x1vvkbs x10flsy6 x6prxxf xvq8zen xo1l8bm xzsf02u\">1969, d\u00e9but des premi\u00e8res construction de la ZUP.<br \/>\n<\/span><\/span><\/p>\n<p>Novembre 1970, construction de l&rsquo;Office de Tourisme, place Jean-Jaures.<\/p>\n<p style=\"text-align: justify;\">16 janvier 1971, inauguration de la MJC de Sens, rue Ren\u00e9 Binet.<br style=\"font-weight: normal; color: #484848;\"><br style=\"font-weight: normal; color: #484848;\"><span style=\"font-weight: normal; color: #484848;\">R\u00e9alisation du village des Charmilles, en 1973, sous l&rsquo;impulsion de Roger Treill\u00e9.<\/span><\/p>\n<p style=\"text-align: justify;\">1974, r\u00e9alisation de la salle Omnisports.<br style=\"font-weight: normal; color: #484848;\"><br style=\"font-weight: normal; color: #484848;\"><span style=\"font-weight: normal; color: #484848;\">1977, construction et inauguration de la&nbsp;<\/span><a style=\"font-weight: bold; color: #006699;\" href=\"http:\/\/fr.wikipedia.org\/wiki\/Piscine_Tournesol\" target=\"_blank\" rel=\"noopener noreferrer\">piscine Tournesol<\/a><span style=\"font-weight: normal; color: #484848;\">.<\/span><\/p>\n<p style=\"text-align: justify;\"><span id=\"fbPhotoSnowliftCaption\" class=\"fbPhotosPhotoCaption\" tabindex=\"0\" data-ft=\"{&quot;tn&quot;:&quot;K&quot;}\"><span class=\"hasCaption\">1981, Visite de Jacques Chirac \u00e0 Sens suite \u00e0 l&rsquo;invitation du maire, Andr\u00e9 Chaussat. Il \u00e9tait alors Maire de Paris. La m\u00e9daille de la Ville de Sens lui a \u00e9t\u00e9 remise \u00e0 cette occasion.<\/span><\/span><\/p>\n<div id=\"attachment_535\" style=\"width: 310px\" class=\"wp-caption alignnone\"><a href=\"http:\/\/www.senon.org\/wordpress\/wp-content\/uploads\/AW-Chirac-rt.jpg\"><img loading=\"lazy\" decoding=\"async\" aria-describedby=\"caption-attachment-535\" class=\"wp-image-535 size-medium\" src=\"http:\/\/www.senon.org\/wordpress\/wp-content\/uploads\/AW-Chirac-rt-300x207.jpg\" alt=\"\" width=\"300\" height=\"207\" srcset=\"https:\/\/www.senon.org\/wordpress\/wp-content\/uploads\/AW-Chirac-rt-300x207.jpg 300w, https:\/\/www.senon.org\/wordpress\/wp-content\/uploads\/AW-Chirac-rt-1024x706.jpg 1024w, https:\/\/www.senon.org\/wordpress\/wp-content\/uploads\/AW-Chirac-rt-768x529.jpg 768w, https:\/\/www.senon.org\/wordpress\/wp-content\/uploads\/AW-Chirac-rt-1536x1059.jpg 1536w, https:\/\/www.senon.org\/wordpress\/wp-content\/uploads\/AW-Chirac-rt-435x300.jpg 435w, https:\/\/www.senon.org\/wordpress\/wp-content\/uploads\/AW-Chirac-rt.jpg 1713w\" sizes=\"auto, (max-width: 300px) 100vw, 300px\" \/><\/a><p id=\"caption-attachment-535\" class=\"wp-caption-text\">Jacques Chirac \u00e0 Sens en 1981 avec le maire, Andr\u00e9 Chaussat<\/p><\/div>\n<p>&nbsp;<\/p>\n<p><span class=\"x193iq5w xeuugli x13faqbe x1vvkbs x10flsy6 x1lliihq x1s928wv xhkezso x1gmr53x x1cpjm7i x1fgarty x1943h6x x4zkp8e x41vudc x6prxxf xvq8zen xo1l8bm xzsf02u\" dir=\"auto\" lang=\"fr\">Inauguration de l&rsquo;h\u00f4pital Gaston Ramon en 1981 (d\u00e9but de construction en 1979).<\/span><\/p>\n<p style=\"text-align: justify;\"><span style=\"font-weight: normal; color: #484848;\">Janvier 1982, crue de l&rsquo;Yonne (3,05m).<\/span><br style=\"font-weight: normal; color: #484848;\"><br style=\"font-weight: normal; color: #484848;\"><span style=\"font-weight: normal; color: #484848;\">Seconde tranche du lotissement des Charmilles, r\u00e9alis\u00e9e en 1983.<\/span><br style=\"font-weight: normal; color: #484848;\"><br style=\"font-weight: normal; color: #484848;\"><span style=\"font-weight: normal; color: #484848;\">1984, construction de la biblioth\u00e8que&nbsp;<\/span><a style=\"font-weight: bold; color: #006699;\" href=\"http:\/\/fr.wikipedia.org\/wiki\/Jean-Christophe_Rufin\" target=\"_blank\" rel=\"noopener noreferrer\">Christophe Rufin<\/a><span style=\"font-weight: normal; color: #484848;\">.<\/span><\/p>\n<p><span class=\"x193iq5w xeuugli x13faqbe x1vvkbs x10flsy6 x1lliihq x1s928wv xhkezso x1gmr53x x1cpjm7i x1fgarty x1943h6x x4zkp8e x41vudc x6prxxf xvq8zen xo1l8bm xzsf02u\" dir=\"auto\">Janvier 1985, l&rsquo;Yonne \u00e9tait gel\u00e9e<\/span>.<br style=\"font-weight: normal; color: #484848;\"><br style=\"font-weight: normal; color: #484848;\"><span style=\"font-weight: normal; color: #484848;\">1987<br \/>\n<span class=\"gvxzyvdx aeinzg81 t7p7dqev gh25dzvf ocv3nf92 b6ax4al1 gem102v4 ncib64c9 mrvwc6qr sx8pxkcf f597kf1v cpcgwwas f5mw3jnl ib8x7mpr k1z55t6l oog5qr5w tes86rjd pbevjfx6 ztn2w49o\" dir=\"auto\">Destruction de la rotonde \u00e0 locomotives et de sa plaque tournante, construite dans les ann\u00e9es 30.<\/span><br \/>\nVisite du mausol\u00e9e du Dauphin et de la Dauphine par d&rsquo;<\/span><a style=\"font-weight: bold; color: #006699;\" href=\"http:\/\/fr.wikipedia.org\/wiki\/Alphonse_de_Bourbon_%281936-1989%29\" target=\"_blank\" rel=\"noopener noreferrer\">Alphonse de Bourbon<\/a><span style=\"font-weight: normal; color: #484848;\">, duc d&rsquo;Anjou, alors pr\u00e9tendant \u00e0 la couronne de France sous le nom d&rsquo;Alphonse II.<\/span><\/p>\n<p style=\"text-align: justify;\">1988, mise en service de l&rsquo;usine d&rsquo;incin\u00e9ration : entre 17.000 et 18.000 tonnes de d\u00e9chets sont trait\u00e9es chaque ann\u00e9e. La combustion permet de chauffer et de fournir de l&rsquo;eau chaude \u00e0 pr\u00e8s de 9000 habitants, au centre nautique et aux lyc\u00e9es.<\/p>\n<p><span dir=\"ltr\"><span class=\"_3l3x\">4 septembre 1988<\/span><\/span>, ouverture du parc du moulin \u00e0 tan, au public.<\/p>\n<p style=\"text-align: justify;\">Sous le mandat de Jean Cordillot (PC), le parvis de la gare est am\u00e9nag\u00e9 en 1998. Dani\u00e8le Mitterrand s&rsquo;\u00e9tait d&rsquo;ailleurs d\u00e9plac\u00e9e \u00e0 Sens, pour inaugurer la place Fran\u00e7ois-Mitterrand.<\/p>\n<p>1993, passage du Paris-Dakar \u00e0 Sens.<\/p>\n<p><span style=\"font-weight: normal; color: #484848;\">Avril 1998, crue de l&rsquo;Yonne (2,65m).<\/span><br style=\"font-weight: normal; color: #484848;\"><br style=\"font-weight: normal; color: #484848;\"><span id=\"21\" class=\"siecle\" style=\"font-weight: bold; color: #33cc00;\">21\u00e8me si\u00e8cle<\/span><span style=\"font-weight: normal; color: #484848;\">&nbsp;<\/span><br style=\"font-weight: normal; color: #484848;\"><br style=\"font-weight: normal; color: #484848;\"><span style=\"font-weight: normal; color: #484848;\">2001, crue de l&rsquo;Yonne en mars&nbsp; : (3,38m)<br \/>\nInauguration de la base nautique, sur l\u2019\u00eele d&rsquo;Yonne durant l&rsquo;\u00e9t\u00e9 2001.<br \/>\n<\/span><br style=\"font-weight: normal; color: #484848;\"><span style=\"font-weight: normal; color: #484848;\">2006, crue de l&rsquo;Yonne (2,33m).<\/span><br style=\"font-weight: normal; color: #484848;\"><br style=\"font-weight: normal; color: #484848;\"><span style=\"font-weight: normal; color: #484848;\">2006-2012, Restauration de la tour sud de la Cath\u00e9drale. Plus haut \u00e9chafaudage de France (74m).<\/span><\/p>\n<p style=\"text-align: justify;\">En 2009, une campagne d&rsquo;auscultation du campanile de l&rsquo;h\u00f4tel de ville de Sens a mis en \u00e9vidence l&rsquo;\u00e9tat dramatique des habillages en zinc et en plomb. Certains \u00e9l\u00e9ments, mena\u00e7ant de tomber dans le vide, sont d\u00e9pos\u00e9s. Pendus \u00e0 plus de 40 m\u00e8tres de hauteur, des cordistes ont pos\u00e9 en 2011, puis en 2013, un deuxi\u00e8me filet de protection.<\/p>\n<p>Le 17 juillet 2010 eut lieu le mariage de Bacary Sagna. N\u00e9 le jour de la Saint-Valentin en 1983, il \u00e9pousait Ludivine Kadri devant pr\u00e8s de 3.000 personnes.<\/p>\n<div class=\"cartodb-popup-content-wrapper\">\n<div class=\"cartodb-popup-content jspScrollable\" tabindex=\"0\">\n<div class=\"jspContainer\">\n<div class=\"jspVerticalBar\">&nbsp;<span style=\"font-weight: normal; color: #484848;\">2011, renforcement et r\u00e9fection du pont neuf afin de continuer \u00e0 supporter le passage quotidien de 12.000 v\u00e9hicules.<\/span><\/div>\n<\/div>\n<\/div>\n<\/div>\n<p style=\"text-align: justify;\"><br style=\"font-weight: normal; color: #484848;\"><span style=\"font-weight: normal; color: #484848;\">2012, d\u00e9but restauration de la toiture du palais Synodal.<\/span><br style=\"font-weight: normal; color: #484848;\"><br style=\"font-weight: normal; color: #484848;\"><span style=\"font-weight: normal; color: #484848;\">Juillet 2013, d\u00e9but de reconstruction et d&rsquo;automatisation du barrage Saint-Bond. Rive droite, jusqu\u2019au 31&nbsp;octobre. La deuxi\u00e8me phase du chantier est pr\u00e9vue en 2014.&nbsp;<\/span><\/p>\n<p>Et\u00e9 2015 fermeture des cin\u00e9mas Rex et Vox \/ ouvertures cin\u00e9ma Confluence<\/p>\n<p style=\"text-align: justify;\">Juin 2015, inauguration de la piscine Tournesol r\u00e9nov\u00e9e.<\/p>\n<p style=\"text-align: justify;\">6 juillet 2015, inauguration du barrage Saint-Bond.<\/p>\n<p>Crue du 4 juin 2016 (2,38 m)<\/p>\n<p>26 janvier 2018, crue (2,96m)<\/p>\n<p><span style=\"border-radius: 2px; text-indent: 20px; width: auto; padding: 0px 4px 0px 0px; text-align: center; font: bold 11px\/20px 'Helvetica Neue',Helvetica,sans-serif; color: #ffffff; background: #bd081c no-repeat scroll 3px 50% \/ 14px 14px; position: absolute; opacity: 1; z-index: 8675309; display: none; cursor: pointer;\">Enregistrer<\/span><\/p>\n<p><span style=\"border-radius: 2px; text-indent: 20px; width: auto; padding: 0px 4px 0px 0px; text-align: center; font: bold 11px\/20px 'Helvetica Neue',Helvetica,sans-serif; color: #ffffff; background: #bd081c no-repeat scroll 3px 50% \/ 14px 14px; position: absolute; opacity: 1; z-index: 8675309; display: none; cursor: pointer;\">Enregistrer<\/span><\/p>\n","protected":false},"excerpt":{"rendered":"<p>&nbsp; EPOQUE MODERNE 16\u00e8me si\u00e8cle&nbsp;Les maisons \u00e0 colombages de la Grande-Rue datent principalement de cette \u00e9poque.Les ma\u00eetres verriers de Troyes mettent tout leur savoir faire reconnu dans l&rsquo;\u00e9laboration des grandes verri\u00e8res sud, en 1500.En 1510, Louis XII accorde la cr\u00e9ation &hellip; <a href=\"https:\/\/www.senon.org\/wordpress\/epoque-moderne\/\">Continuer la lecture <span class=\"meta-nav\">&rarr;<\/span><\/a><\/p>\n","protected":false},"author":1,"featured_media":0,"parent":0,"menu_order":0,"comment_status":"open","ping_status":"open","template":"","meta":{"om_disable_all_campaigns":false,"_monsterinsights_skip_tracking":false,"_monsterinsights_sitenote_active":false,"_monsterinsights_sitenote_note":"","_monsterinsights_sitenote_category":0,"_uf_show_specific_survey":0,"_uf_disable_surveys":false,"ngg_post_thumbnail":0,"footnotes":""},"class_list":["post-249","page","type-page","status-publish","hentry"],"aioseo_notices":[],"_links":{"self":[{"href":"https:\/\/www.senon.org\/wordpress\/wp-json\/wp\/v2\/pages\/249","targetHints":{"allow":["GET"]}}],"collection":[{"href":"https:\/\/www.senon.org\/wordpress\/wp-json\/wp\/v2\/pages"}],"about":[{"href":"https:\/\/www.senon.org\/wordpress\/wp-json\/wp\/v2\/types\/page"}],"author":[{"embeddable":true,"href":"https:\/\/www.senon.org\/wordpress\/wp-json\/wp\/v2\/users\/1"}],"replies":[{"embeddable":true,"href":"https:\/\/www.senon.org\/wordpress\/wp-json\/wp\/v2\/comments?post=249"}],"version-history":[{"count":77,"href":"https:\/\/www.senon.org\/wordpress\/wp-json\/wp\/v2\/pages\/249\/revisions"}],"predecessor-version":[{"id":735,"href":"https:\/\/www.senon.org\/wordpress\/wp-json\/wp\/v2\/pages\/249\/revisions\/735"}],"wp:attachment":[{"href":"https:\/\/www.senon.org\/wordpress\/wp-json\/wp\/v2\/media?parent=249"}],"curies":[{"name":"wp","href":"https:\/\/api.w.org\/{rel}","templated":true}]}}