{"id":247,"date":"2013-09-21T11:49:48","date_gmt":"2013-09-21T09:49:48","guid":{"rendered":"http:\/\/www.senon.org\/wordpress\/?page_id=247"},"modified":"2022-03-13T19:47:14","modified_gmt":"2022-03-13T17:47:14","slug":"moyen-age","status":"publish","type":"page","link":"https:\/\/www.senon.org\/wordpress\/moyen-age\/","title":{"rendered":"MOYEN AGE"},"content":{"rendered":"<p class=\"titre_page\" style=\"color: #9933ff; text-align: justify;\"><br class=\"Apple-interchange-newline\">MOYEN AGE<\/p>\n<p style=\"text-align: justify;\"><span id=\"6\" class=\"siecle\" style=\"font-weight: bold; color: #33cc00;\">6\u00e8me si\u00e8cle<\/span><br style=\"font-weight: normal; color: #484848;\"><br style=\"font-weight: normal; color: #484848;\"><span style=\"font-weight: normal; color: #484848;\">Les premiers Juifs s&rsquo;installent \u00e0 Sens. Mais ils ne se constituent en communaut\u00e9 dans la ville qu&rsquo;apr\u00e8s le 9\u00e8me si\u00e8cle. Le nord de la Bourgogne et son vignoble les ont attir\u00e9 jusqu&rsquo;\u00e0 la fin du Moyen-\u00c2ge.<\/span><br style=\"font-weight: normal; color: #484848;\"><br style=\"font-weight: normal; color: #484848;\"><span style=\"font-weight: normal; color: #484848;\">En&nbsp;<\/span><a style=\"font-weight: bold; color: #006699;\" href=\"http:\/\/fr.wikipedia.org\/wiki\/562\" target=\"_blank\" rel=\"noopener\">562<\/a><span style=\"font-weight: normal; color: #484848;\">, Sens frappe monnaie, avec une activit\u00e9 \u00e9conomique florissante.<\/span><br style=\"font-weight: normal; color: #484848;\"><br style=\"font-weight: normal; color: #484848;\"><span style=\"font-weight: normal; color: #484848;\">583 : 1\u00e8re crue relat\u00e9e par les historiens.&nbsp;<\/span><br style=\"font-weight: normal; color: #484848;\"><br style=\"font-weight: normal; color: #484848;\"><span id=\"7\" class=\"siecle\" style=\"font-weight: bold; color: #33cc00;\">7\u00e8me si\u00e8cle<\/span><span style=\"font-weight: normal; color: #484848;\">&nbsp;<\/span><br style=\"font-weight: normal; color: #484848;\"><br style=\"font-weight: normal; color: #484848;\"><span style=\"font-weight: normal; color: #484848;\">En 611, le royaume \u00e9clate et la ville passe d&rsquo;une main \u00e0 l&rsquo;autre, en fonction des h\u00e9ritages et des convoitises.<\/span><br style=\"font-weight: normal; color: #484848;\"><span style=\"font-weight: normal; color: #484848;\">L&rsquo;abbaye Sainte-Colombe est fond\u00e9e par l&rsquo;archev\u00eaque Loup et Clothaire II, apr\u00e8s leur r\u00e9conciliation. Elle sera administr\u00e9e sous Dagobert par&nbsp;<\/span><a style=\"font-weight: bold; color: #006699;\" href=\"http:\/\/fr.wikipedia.org\/wiki\/%C9loi_de_Noyon\" target=\"_blank\" rel=\"noopener\">Eloi<\/a><span style=\"font-weight: normal; color: #484848;\">, futur patron des orf\u00e8vres.<\/span><br style=\"font-weight: normal; color: #484848;\"><span style=\"font-weight: normal; color: #484848;\">Les rois m\u00e9rovingiens \u00e9taient des chasseurs itin\u00e9rants, et poss\u00e9daient plusieurs r\u00e9sidences dans le royaume, dont un palais au bord de la vanne, peut-\u00eatre \u00e0 Malay. C&rsquo;est \u00e0 cet endroit que Clovis II \u00ab\u00a0succ\u00e8de\u00a0\u00bb \u00e0 son p\u00e8re, Dagobert, \u00e0 l&rsquo;\u00e2ge de 2 ans. C&rsquo;est le 1er roi fain\u00e9ant.<\/span><br style=\"font-weight: normal; color: #484848;\"><br style=\"font-weight: normal; color: #484848;\"><span style=\"font-weight: normal; color: #484848;\">En 660, 1er grand concile de Sens o\u00f9 30 \u00e9v\u00eaques sont r\u00e9unis.<\/span><br style=\"font-weight: normal; color: #484848;\"><br style=\"font-weight: normal; color: #484848;\"><span id=\"8\" class=\"siecle\" style=\"font-weight: bold; color: #33cc00;\">8\u00e8me si\u00e8cle<\/span><br style=\"font-weight: normal; color: #484848;\"><br style=\"font-weight: normal; color: #484848;\"><\/p>\n<div style=\"font-weight: normal; color: #484848; text-align: justify;\">En&nbsp;<a style=\"font-weight: bold; color: #006699;\" title=\"732\" href=\"http:\/\/fr.wikipedia.org\/wiki\/725\" target=\"_blank\" rel=\"noopener\">725<\/a>, les Maures d\u00e9barqu\u00e9s en Camargue remontent toute la vall\u00e9e du Rh\u00f4ne et assi\u00e8gent la ville de Sens sans succ\u00e8s. En 727, comme les rois sont incapables d&rsquo;organiser la lutte contre le Maures , c&rsquo;est l&rsquo;archev\u00eaque guerrier Ebbon qui les repousse et les \u00e9crase \u00e0&nbsp;<a style=\"font-weight: bold; color: #006699;\" href=\"http:\/\/fr.wikipedia.org\/wiki\/Seignelay_%28Yonne%29\" target=\"_blank\" rel=\"noopener\">Seignelay<\/a>, 5 ans avant la&nbsp;<a style=\"font-weight: bold; color: #006699;\" title=\"Bataille de Poitiers (732)\" href=\"http:\/\/fr.wikipedia.org\/wiki\/Bataille_de_Poitiers_%28732%29\" target=\"_blank\" rel=\"noopener\">bataille de Poitiers&nbsp;<\/a>o\u00f9 ils sont chass\u00e9s d\u00e9finitivement en&nbsp;<a style=\"font-weight: bold; color: #006699;\" title=\"732\" href=\"http:\/\/fr.wikipedia.org\/wiki\/732\" target=\"_blank\" rel=\"noopener\">732<\/a>.<br style=\"color: #484848;\"><br style=\"color: #484848;\">En 751, les Carolingiens succ\u00e8dent aux M\u00e9rovingiens avec l&rsquo;arriv\u00e9e au pouvoir de P\u00e9pin le Bref, fils de Charles Martel. C&rsquo;est \u00e0 nouveau une p\u00e9riode de paix et de prosp\u00e9rit\u00e9 pour la ville. Sens devient une m\u00e9tropole imp\u00e9riale. Avec la renaissance carolingienne, le pouvoir religieux est \u00e0 sont apog\u00e9e.<br style=\"color: #484848;\">Il reste de cette \u00e9poque une grande quantit\u00e9 d&rsquo;objets de culte, qui constituent aujourd&rsquo;hui une partie du tr\u00e9sor de la cath\u00e9drale. En 769, Willicaire, archev\u00eaque des Gaules, ram\u00e8ne le corps de Saint-Victor. L&rsquo;archev\u00eaque Magnus re\u00e7oit de son cousin Charlemagne, une grande partie du tr\u00e9sor d&rsquo;Aix la Chapelle : Sainte Croix et reliques de Sainte-Paule, etc.<br style=\"color: #484848;\">Sous Charlemagne des comtes sont charg\u00e9s d&rsquo;administrer les provinces.<br style=\"color: #484848;\"><br style=\"color: #484848;\">Mais les Carolingiens sont incapables de maintenir l&rsquo;unit\u00e9 de l&#8217;empire qui est coup\u00e9 en trois. Sens fait alors partie de la&nbsp;<a style=\"font-weight: bold; color: #006699;\" href=\"http:\/\/fr.wikipedia.org\/wiki\/Francie_occidentale\" target=\"_blank\" rel=\"noopener\">Francie occidentale<\/a>.<br style=\"color: #484848;\"><br style=\"color: #484848;\"><span id=\"9\" class=\"siecle\" style=\"font-weight: bold; color: #33cc00;\">9\u00e8me si\u00e8cle<\/span><br style=\"color: #484848;\"><br style=\"color: #484848;\">En 857, l&rsquo;archev\u00eaque Ganelon trahit Charles le Chauve en ouvrant les portes de la ville \u00e0 Louis le Germanique. L&rsquo;<a style=\"font-weight: bold; color: #006699;\" href=\"http:\/\/fr.wikipedia.org\/wiki\/Ans%E9gise_de_Sens\" target=\"_blank\" rel=\"noopener\">archev\u00eaque Ans\u00e9gise<\/a>&nbsp;devient son conseill\u00e9 et re\u00e7oit du pape le titre de \u00ab\u00a0<a style=\"font-weight: bold; color: #006699;\" href=\"http:\/\/fr.wikipedia.org\/wiki\/Primat_des_Gaules\" target=\"_blank\" rel=\"noopener\">primat des Gaules et de Germanie<\/a>\u00ab\u00a0, et la t\u00eate de Saint Gr\u00e9goire le Grand, en 876. Les archev\u00eaques suivants porteront encore le titre de \u00ab&nbsp;primats des Gaules et Germanie&nbsp;\u00bb avec la devise \u00ab\u00a0<i style=\"color: #484848;\">Campont\u00a0\u00bb (<\/i>d&rsquo;apr\u00e8s les initiales des \u00e9v\u00each\u00e9s de<span class=\"new\" style=\"color: #484848;\">&nbsp;Chartres<\/span>,&nbsp;<span class=\"new\" style=\"color: #484848;\">Auxerre<\/span>,&nbsp;<span class=\"new\" style=\"color: #484848;\">Meaux<\/span>,&nbsp;<span class=\"new\" style=\"color: #484848;\">Paris<\/span>,&nbsp;<span class=\"mw-redirect\" style=\"color: #484848;\">Orl\u00e9ans<\/span>,&nbsp;<span class=\"new\" style=\"color: #484848;\">Nevers<\/span>&nbsp;et&nbsp;<span class=\"new\" style=\"color: #484848;\">Troyes<\/span>).<br style=\"color: #484848;\"><br style=\"color: #484848;\">Le 30 novembre&nbsp;<a style=\"font-weight: bold; color: #006699;\" href=\"http:\/\/fr.wikipedia.org\/wiki\/886\" target=\"_blank\" rel=\"noopener\">886<\/a>, les Normands, qui ont remont\u00e9 la Seine, mettent le si\u00e8ge devant Sens durant 6 mois, sans succ\u00e8s, terrorisant la r\u00e9gion.<br \/>\nEn 895, Richard le Justicier, comte d&rsquo;Autun, 1er duc de Bourgogne, repousse avec succ\u00e8s les envahisseurs de la r\u00e9gion et profite de cette occasion pour s&#8217;emparer de Sens dans la foul\u00e9e. Il se fait nommer abb\u00e9 de l&rsquo;abbaye Saint-Colombe et s&rsquo;y fera enterr\u00e9.<br \/>\n<br style=\"color: #484848;\">C&rsquo;est le d\u00e9but de la&nbsp;<a style=\"font-weight: bold; color: #006699;\" href=\"http:\/\/fr.wikipedia.org\/wiki\/F%E9odalit%E9\" target=\"_blank\" rel=\"noopener\">f\u00e9odalit\u00e9<\/a>&nbsp;et les archev\u00eaques de Sens affirment de plus en plus leur pouvoir politique. Ils r\u00e9ussissent ainsi \u00e0 sacrer 3 rois non carolingiens :&nbsp;<a style=\"font-weight: bold; color: #006699;\" href=\"http:\/\/fr.wikipedia.org\/wiki\/Eudes_de_France\" target=\"_blank\" rel=\"noopener\">Eudes<\/a>&nbsp;et son fr\u00e8re&nbsp;<a style=\"font-weight: bold; color: #006699;\" href=\"http:\/\/fr.wikipedia.org\/wiki\/Robert_Ier_de_France\" target=\"_blank\" rel=\"noopener\">Robert<\/a>, 2 pr\u00e8 cap\u00e9tiens. Puis&nbsp;<a style=\"font-weight: bold; color: #006699;\" href=\"http:\/\/fr.wikipedia.org\/wiki\/Raoul_de_France\" target=\"_blank\" rel=\"noopener\">Raoul<\/a>, le fils de Richard le Justicier qui sera le 1er roi \u00e0 \u00eatre enterr\u00e9 \u00e0 l&rsquo;abbaye Sainte-Colombe.<br style=\"color: #484848;\"><br style=\"color: #484848;\">Le pouvoir central redevient carolingien, mais n&rsquo;a plus les moyens de se faire obeir : la famille de Robert impose un des siens \u00e0 la t\u00eate du comt\u00e9 par la force et le titre devient h\u00e9r\u00e9ditaire.<br style=\"color: #484848;\">La cit\u00e9 vit ainsi au rythme des tiraillements entre le pouvoir religieux de l&rsquo;archev\u00eaque et le pouvoir civil du comte.<br style=\"color: #484848;\"><br style=\"color: #484848;\"><span id=\"10\" class=\"siecle\" style=\"font-weight: bold; color: #33cc00;\">10\u00e8me si\u00e8cle<\/span>&nbsp;<br style=\"color: #484848;\"><br style=\"color: #484848;\">L&rsquo;archev\u00eaque Archambaud de Troye<em style=\"color: #484848;\">s<\/em>&nbsp;(dit le \u00ab&nbsp;pr\u00e9lat criminel&nbsp;\u00bb), pr\u00e9lat guerrier aux moeurs barbares, indignes et dissolues, vivait dans l&rsquo;abbaye Saint-Pierre le Vif. Il fut \u00ab\u00a0foudroy\u00e9 par la col\u00e8re divine\u00a0\u00bb apr\u00e8s le grand incendie de 967 qui d\u00e9truisit la cit\u00e9.<br style=\"color: #484848;\"><br style=\"color: #484848;\">C&rsquo;est une \u00e9poque de ferveur religieuse, o\u00f9 les p\u00e9lerins affluent de tous les horizons pour v\u00e9n\u00e9rer les reliques. Vers 982, l&rsquo;archev\u00eaque Sevin consacre l&rsquo;ancienne cath\u00e9drale Saint-Etienne, qui pr\u00e9c\u00e8de l&rsquo;actuelle. S\u00e9vin est hostile \u00e0 Hugue Capet, mais ce petit fils de Robert 1er est quand m\u00eame couronn\u00e9 roi en 987, au d\u00e9trimant des Carolingiens.<br style=\"color: #484848;\"><a style=\"font-weight: bold; color: #006699;\" href=\"http:\/\/fr.wikipedia.org\/wiki\/Renard_II_de_Sens\" target=\"_blank\" rel=\"noopener\"><br style=\"color: #484848;\">Le comte Rainard II<\/a>, dit \u00ab\u00a0le cruel\u00a0\u00bb ou \u00ab\u00a0le mauvais\u00a0\u00bb, s&rsquo;oppose violement \u00e0 l&rsquo;archev\u00eaque L\u00e9otheric. Deux rois devront intervenir pour ce litige.&nbsp;<br style=\"color: #484848;\"><br style=\"color: #484848;\"><span id=\"11\" class=\"siecle\" style=\"font-weight: bold; color: #33cc00;\">11\u00e8me si\u00e8cle<\/span><br style=\"color: #484848;\"><br style=\"color: #484848;\"><\/div>\n<p style=\"text-align: justify;\"><span style=\"font-weight: normal; color: #484848;\">En&nbsp;<\/span><a style=\"font-weight: bold; color: #006699;\" title=\"22 avril\" href=\"http:\/\/fr.wikipedia.org\/wiki\/1015\" target=\"_blank\" rel=\"noopener\">1015<\/a><span style=\"font-weight: normal; color: #484848;\">, le 22 avril,&nbsp;<\/span><a style=\"font-weight: bold; color: #006699;\" href=\"http:\/\/fr.wikipedia.org\/wiki\/Robert_II_de_France\" target=\"_blank\" rel=\"noopener\">Robert II le Pieux<\/a><span style=\"font-weight: normal; color: #484848;\">&nbsp;s&#8217;empare du&nbsp;<\/span><a style=\"font-weight: bold; color: #006699;\" href=\"http:\/\/fr.wikipedia.org\/wiki\/Comt%C3%A9_de_Sens\" target=\"_blank\" rel=\"noopener\">comt\u00e9 de Sens<\/a><span style=\"font-weight: normal; color: #484848;\">&nbsp;par surprise. Le comte Rainard, \u00e0 qui on reproche de prot\u00e9ger les&nbsp;<\/span><a style=\"font-weight: bold; color: #006699;\" title=\"Juifs\" href=\"http:\/\/fr.wikipedia.org\/wiki\/Juifs\" target=\"_blank\" rel=\"noopener\">Juifs<\/a><span style=\"font-weight: normal; color: #484848;\">, se r\u00e9fugie chez son alli\u00e9&nbsp;<\/span><a style=\"font-weight: bold; color: #006699;\" title=\"Eudes II de Blois\" href=\"http:\/\/fr.wikipedia.org\/wiki\/Eudes_II_de_Blois\" target=\"_blank\" rel=\"noopener\">Eudes II de Blois<\/a><span style=\"font-weight: normal; color: #484848;\">. Il n\u00e9gocie un compromis&nbsp;: il continue d\u2019exercer sa charge comtale et \u00e0 sa mort le S\u00e9nonais sera rattach\u00e9 au&nbsp;<\/span><a style=\"font-weight: bold; color: #006699;\" title=\"Domaine royal fran\u00e7ais\" href=\"http:\/\/fr.wikipedia.org\/wiki\/Domaine_royal_fran%C3%A7ais\" target=\"_blank\" rel=\"noopener\">domaine royal<\/a><span style=\"font-weight: normal; color: #484848;\">&nbsp;(1055).<\/span><a style=\"font-weight: bold; color: #006699;\" href=\"http:\/\/fr.wikipedia.org\/wiki\/1015#cite_note-0\"><br style=\"color: #484848;\"><\/a><span style=\"font-weight: normal; color: #484848;\">Sens&nbsp;devient ainsi par la suite le si\u00e8ge d&rsquo;un important bailliage royal.<\/span><br style=\"font-weight: normal; color: #484848;\"><br style=\"font-weight: normal; color: #484848;\"><span style=\"font-weight: normal; color: #484848;\">Une \u00e8re de construction commence \u00e9maill\u00e9e de conflit avec les Champenois aux fronti\u00e8res de la S\u00e9nonie, tout le long du 11\u00e8me si\u00e8cle.<\/span><br style=\"font-weight: normal; color: #484848;\"><span style=\"font-weight: normal; color: #484848;\">En 1068, l&rsquo;\u00e9glise&nbsp;<\/span><a style=\"font-weight: bold; color: #006699;\" href=\"http:\/\/www.senon.org\/site\/index.php?page=monuments#saint-savinien\">Saint-Savinien<\/a><span style=\"font-weight: normal; color: #484848;\">&nbsp;est construite.<\/span><br style=\"font-weight: normal; color: #484848;\"><span style=\"font-weight: normal; color: #484848;\"><br style=\"color: #484848;\"><span id=\"12\" class=\"siecle\" style=\"font-weight: bold; color: #33cc00;\">12\u00e8me si\u00e8cle<\/span><\/span><br style=\"font-weight: normal; color: #484848;\"><br style=\"font-weight: normal; color: #484848;\"><\/p>\n<div style=\"font-weight: normal; color: #484848; text-align: justify;\">En&nbsp;<a style=\"font-weight: bold; color: #006699;\" title=\"1120\" href=\"http:\/\/fr.wikipedia.org\/wiki\/1120\" target=\"_blank\" rel=\"noopener\">1120<\/a>,&nbsp;<a style=\"font-weight: bold; color: #006699;\" title=\"Louis VI de France\" href=\"http:\/\/fr.wikipedia.org\/wiki\/Louis_VI_de_France\" target=\"_blank\" rel=\"noopener\">Louis VI<\/a>&nbsp;autorise Etienne, pr\u00e9v\u00f4t de l&rsquo;\u00e9glise de Sens \u00e0 fortifier le clo\u00eetre (portes, murailles, foss\u00e9)<sup id=\"cite_ref-3\" class=\"reference\" style=\"color: #484848;\"><\/sup>.<br style=\"color: #484848;\"><br style=\"color: #484848;\">En&nbsp;<a style=\"font-weight: bold; color: #006699;\" title=\"1135\" href=\"http:\/\/fr.wikipedia.org\/wiki\/1135\" target=\"_blank\" rel=\"noopener\">1135<\/a>, la ville choisit de reconstruire sa&nbsp;<a style=\"font-weight: bold; color: #006699;\" title=\"Cath\u00e9drale Saint-\u00c9tienne de Sens\" href=\"http:\/\/fr.wikipedia.org\/wiki\/Cath%C3%A9drale_Saint-%C3%89tienne_de_Sens\" target=\"_blank\" rel=\"noopener\">cath\u00e9drale<\/a>&nbsp;dans un style innovant et caract\u00e9ristique de cette p\u00e9riode de transition : ce fut la premi\u00e8re cath\u00e9drale&nbsp;<a class=\"mw-redirect\" style=\"font-weight: bold; color: #006699;\" title=\"Style gothique\" href=\"http:\/\/fr.wikipedia.org\/wiki\/Style_gothique\" target=\"_blank\" rel=\"noopener\">gothique<\/a>&nbsp;de France. Elle vient remplacer l&rsquo;ancienne cath\u00e9drale qui \u00e9tait entour\u00e9e de 2 \u00e9glises, Saint-Jean Baptiste et Notre-Dame. La 1\u00e8re pierre est pos\u00e9e par l&rsquo;archev\u00eaque Henri Sanglier. L&rsquo;architecte, Guillaume de Sens, mettra \u00e0 nouveau ses talents \u00e0 la disposition de la ville de Canterbury pour reconstruire la cath\u00e9drale d\u00e9truite lors d&rsquo;un incendie et pour r\u00e9aliser le tombeau de Thomas Becket plus tard.<br style=\"color: #484848;\">\u00c0 la m\u00eame \u00e9poque, la ville b\u00e9n\u00e9ficie bri\u00e8vement d\u2019institutions&nbsp;<a style=\"font-weight: bold; color: #006699;\" title=\"Commune (Moyen \u00c2ge)\" href=\"http:\/\/fr.wikipedia.org\/wiki\/Commune_%28Moyen_%C3%82ge%29\" target=\"_blank\" rel=\"noopener\">communales<\/a>, qui lui sont retir\u00e9es par&nbsp;<a style=\"font-weight: bold; color: #006699;\" title=\"Louis VI de France\" href=\"http:\/\/fr.wikipedia.org\/wiki\/Louis_VI_de_France\" target=\"_blank\" rel=\"noopener\">Louis VI<\/a><sup id=\"cite_ref-4\" class=\"reference\" style=\"color: #484848;\"><\/sup>.<br style=\"color: #484848;\"><br style=\"color: #484848;\">En&nbsp;<a style=\"font-weight: bold; color: #006699;\" href=\"http:\/\/fr.wikipedia.org\/wiki\/1140\" target=\"_blank\" rel=\"noopener\">1140<\/a>, \u00e0 lieu le&nbsp;<a style=\"font-weight: bold; color: #006699;\" href=\"http:\/\/fr.wikipedia.org\/wiki\/Concile_de_Sens\" target=\"_blank\" rel=\"noopener\">concile de Sens<\/a>&nbsp;dans la vieille nef de l&rsquo;ancienne cath\u00e9drale : Bernard, moine cistercien qui repr\u00e8sente le pape, condamne&nbsp;<a style=\"font-weight: bold; color: #006699;\" href=\"http:\/\/www.senon.org\/site\/index.php?page=personnalites#abelard\">Ab\u00e9lard<\/a>&nbsp;pour ses th\u00e8ses.<br style=\"color: #484848;\"><br style=\"color: #484848;\">La commune de Sens est cr\u00e9\u00e9e par Louis VII le jeune en 1146. L&rsquo;abb\u00e9 Herbert est tu\u00e9 par une \u00e9meute et le roi m\u00e8ne une r\u00e9pression sanglante contre les responsables.<br style=\"color: #484848;\"><br style=\"color: #484848;\">1163, r\u00e9daction \u00e0 Sens par Louis VII de la charte de fondation de Villa Nova Super Yonam (Villeneuve sur Yonne) : cette ville du domaine royal devient franche.<br style=\"color: #484848;\"><br style=\"color: #484848;\">Fuyant Rome qui est envahie par Fr\u00e9deric-Barberousse, le pape&nbsp;<a style=\"font-weight: bold; color: #006699;\" title=\"Alexandre III (pape)\" href=\"http:\/\/www.senon.org\/site\/index.php?page=personnalites#alexandre_III\">Alexandre III<\/a>&nbsp;(un Senon Italien) se r\u00e9fugie \u00e0 Sens de 1162 \u00e0 1165. A son arriv\u00e9e, il est accueilli par le roi et Sens devient alors capitale de la Chr\u00e9tient\u00e9e. Il consacre la cath\u00e9drale en 1164.<br style=\"color: #484848;\"><br style=\"color: #484848;\">En d\u00e9saccord avec Henri II,<a style=\"font-weight: bold; color: #006699;\" title=\"Thomas Becket\" href=\"http:\/\/www.senon.org\/site\/index.php?page=personnalites#becket\">&nbsp;Thomas Becket<\/a>&nbsp;passe une partie de son exil \u00e0 l&rsquo;abbaye Sainte-Colombe de&nbsp;<strong style=\"font-weight: normal; color: #484848;\">1166 \u00e0 1170<\/strong>.<br style=\"color: #484848;\"><br style=\"color: #484848;\">A partir de 1179, sous Philippe-Auguste (neveu de Guillaume de Champagne), la tour nord est construite et on r\u00e9am\u00e9nage la tour sud.<br style=\"color: #484848;\"><br style=\"color: #484848;\">La ville est ravag\u00e9e par un incendie en 1184.<br style=\"color: #484848;\"><br style=\"color: #484848;\">En 1186, le roi Philippe-Auguste permet \u00e0 Sens d&rsquo;\u00eatre plus ind\u00e9pendante en lui accordant le droit d&rsquo;avoir un maire (qui exerce avec les pairs la justice sur les hommes du roi) et des jur\u00e9s. Il lui accorde une charte qui place la ville sous son autorit\u00e9 exclusive. La commune est d\u00e9finitivement institu\u00e9e en 1189 ; le portail Saint-Jean est achev\u00e9 au m\u00eame moment.<br style=\"color: #484848;\"><br style=\"color: #484848;\">En 1190 le grand baillage de Sens est cr\u00e9\u00e9 : la ville gouverne un quart du royaume.<br style=\"color: #484848;\"><br style=\"color: #484848;\"><span id=\"13\" class=\"siecle\" style=\"font-weight: bold; color: #33cc00;\">13\u00e8me si\u00e8cle<\/span>&nbsp;<br style=\"color: #484848;\"><br style=\"color: #484848;\">En ce d\u00e9but de si\u00e8cle, la muraille est remise en \u00e9tat et la poterne sud Garnier vient remplacer l&rsquo;ancienne porte romaine qui \u00e9tait usag\u00e9e. Deux ordres mendiants s&rsquo;installent dans la ville : les Franciscains \u00e0 c\u00f4t\u00e9 de la poterne et les Dominicains (Jacobains) au nord de la ville. Leur seule ressource est la g\u00e9n\u00e9rosit\u00e9 des citadins.<br style=\"color: #484848;\"><br style=\"color: #484848;\">Le 27 mai&nbsp;<a style=\"font-weight: bold; color: #006699;\" title=\"1234\" href=\"http:\/\/fr.wikipedia.org\/wiki\/1234\" target=\"_blank\" rel=\"noopener\">1234<\/a>,&nbsp;<a style=\"font-weight: bold; color: #006699;\" title=\"Louis IX de France\" href=\"http:\/\/www.senon.org\/site\/index.php?page=personnalites#saint_louis\">Saint Louis<\/a>&nbsp;\u00e9pouse&nbsp;<a style=\"font-weight: bold; color: #006699;\" title=\"Marguerite de Provence\" href=\"http:\/\/www.senon.org\/site\/index.php?page=personnalites#marguerite_de_provence\">Marguerite de Provence<\/a>. Il remet l&rsquo;anneau nuptial (avec saphir tr\u00e8s probablement) \u00e0 lieu \u00e0 l\u2019ext\u00e9rieur, devant les portes de la cath\u00e9drale, en pronon\u00e7ant ces mots : \u00ab\u00a0Hors cest annuel, point n&rsquo;ay d&rsquo;amour\u00a0\u00bb. L&rsquo;union est c\u00e9l\u00e9br\u00e9e par l&rsquo;archev\u00eaque&nbsp;<a style=\"font-weight: bold; color: #006699;\" href=\"http:\/\/fr.wikipedia.org\/wiki\/Gauthier_Le_Cornu\" target=\"_blank\" rel=\"noopener\">Gautier Cornut<\/a>, l&rsquo;initiateur du palais Synodal. C&rsquo;est lui qui alla chercher la future \u00e9pouse en Provence.<br \/>\n<br style=\"color: #484848;\">La&nbsp;<a style=\"font-weight: bold; color: #006699;\" href=\"http:\/\/fr.wikipedia.org\/wiki\/Sainte_Couronne\" target=\"_blank\" rel=\"noopener\">couronne d&rsquo;\u00e9pines<\/a>&nbsp;du Christ transite par Sens, le 12 ao\u00fbt 1239, avant d&rsquo;arriver \u00e0 Paris.&nbsp;<br style=\"color: #484848;\"><br style=\"color: #484848;\">En 1248, Saint-Louis repasse \u00e0 Sens, au d\u00e9part de la 7\u00e8me croisade. Faisant parti du tiers ordre franciscain, il vient pr\u00e9sider le chapitre des&nbsp;<a style=\"font-weight: bold; color: #006699;\" href=\"http:\/\/fr.wikipedia.org\/wiki\/Ordre_des_fr%3Fres_mineurs\" target=\"_blank\" rel=\"noopener\">fr\u00e8res mineurs<\/a>.<br style=\"color: #484848;\"><br style=\"color: #484848;\">Le&nbsp;<a style=\"font-weight: bold; color: #006699;\" href=\"http:\/\/fr.wikipedia.org\/wiki\/Jeudi_saint\" target=\"_blank\" rel=\"noopener\">jeudi Saint<\/a>&nbsp;1268, la tour sud de la cath\u00e9drale s\u2019effondre, endommageant gravement le palais synodale.<br style=\"color: #484848;\">Saint-Louis passe devant les ruines en 1269, lorsqu&rsquo;il part pour la 8\u00e8me croisade et en 1270, lorsque son corps sera ramen\u00e9 de Terre Sainte, sur le chemin menant \u00e0 la basilique Saint-Denis.<br style=\"color: #484848;\"><br style=\"color: #484848;\"><span id=\"14\" class=\"siecle\" style=\"font-weight: bold; color: #33cc00;\">14\u00e8me si\u00e8cle<\/span>&nbsp;<br style=\"color: #484848;\"><br style=\"color: #484848;\">En 1313, l&rsquo;archev\u00eaque&nbsp;<a style=\"font-weight: bold; color: #006699;\" href=\"http:\/\/fr.wikipedia.org\/wiki\/Philippe_de_Marigny\" target=\"_blank\" rel=\"noopener\">Philippe de Marigny<\/a>, nomm\u00e9 par Phippe le Bel, fait comdamner les templiers. Ils sont amen\u00e9s \u00e0 Paris pour \u00eatre jug\u00e9s.<br style=\"color: #484848;\"><br style=\"color: #484848;\">En 1318, les bourgeois sont las de proc\u00e9der \u00e0 l&rsquo;election du maire et r\u00e9clament un pr\u00e9vot royal.<br style=\"color: #484848;\"><br style=\"color: #484848;\">Charle IV \u00e9tant mort sans h\u00e9ritier, son cousin germain Philippe VI de Valois lui succ\u00e8de. Mais le tr\u00f4ne est revendiqu\u00e9 par un autre cousin : Edouard III, roi d&rsquo;Angleterre. Ainsi commence la guerre de 100 ans en 1337. Les guerres et les famines s&rsquo;enchainent sur le royaume sans \u00e9pargner Sens. Les travaux de la cath\u00e9drale sont alors interrompus.<br style=\"color: #484848;\"><br style=\"color: #484848;\">En 1348, la peste s&rsquo;abat sur la cit\u00e9 et les cimeti\u00e8res sont tr\u00e8s vite satur\u00e9s. 1\/3 de la population en Europe disparait.<br style=\"color: #484848;\"><br style=\"color: #484848;\">A la bataille de Poitier, le roi&nbsp;<a style=\"font-weight: bold; color: #006699;\" href=\"http:\/\/fr.wikipedia.org\/wiki\/Jean_II_de_France\" target=\"_blank\" rel=\"noopener\">Jean le Bon<\/a>&nbsp;et l&rsquo;archev\u00eaque de Sens Guillaume de Melun sont fait prisonniers par les Anglais. Les envahisseurs ont des fiefs jusqu&rsquo;en Champagne et la peur s&#8217;empare encore plus de la cit\u00e9.<br style=\"color: #484848;\"><br style=\"color: #484848;\">En 1358, le dauphin&nbsp;<a style=\"font-weight: bold; color: #006699;\" href=\"http:\/\/fr.wikipedia.org\/wiki\/Charles_V_de_France\" target=\"_blank\" rel=\"noopener\">Charles V<\/a>&nbsp;r\u00e9gent du royaume, fuit la r\u00e9volte parisienne men\u00e9e par&nbsp;<a style=\"font-weight: bold; color: #006699;\" href=\"http:\/\/fr.wikipedia.org\/wiki\/%C9tienne_Marcel\" target=\"_blank\" rel=\"noopener\">Etienne Marcel<\/a>&nbsp;et s\u00e9journe \u00e0 Sens. Il ordonne la remise en \u00e9tat des murailles et fait creuser les foss\u00e9s. Les couvents proches des remparts sont ras\u00e9s et reconstruits \u00e0 l&rsquo;int\u00e9rieur. Un bras de la vanne est d\u00e9tourn\u00e9 pour am\u00e9nager un bassin d&rsquo;alimentation des foss\u00e9s, pr\u00e8s du gu\u00e9 Saint-Jean.<br style=\"color: #484848;\"><br style=\"color: #484848;\">Sous le r\u00e8gne de Charles V, l&rsquo;arm\u00e9e conduite par&nbsp;<a style=\"font-weight: bold; color: #006699;\" href=\"http:\/\/fr.wikipedia.org\/wiki\/Bertrand_Du_Guesclin\" target=\"_blank\" rel=\"noopener\">Bertrand Duguesclin<\/a>&nbsp;vole de victoire en victoire. En 1368, les 3 ordres sont r\u00e9unis en pr\u00e9sence du roi : ce dernier convoque les \u00e9tats g\u00e9n\u00e9raux au palais synodale de Sens, pour lever de nouveaux impots afin de continuer la guerre.<br style=\"color: #484848;\">La guerre ravage la r\u00e9gion et la ville est assi\u00e9g\u00e9e r\u00e9guli\u00e8rement. Soucy est ras\u00e9e en 1378 par les Anglais.<br style=\"color: #484848;\">En 1379, Philippe le Hardi, duc de Bourgogne et fr\u00e8re de Charles V, convoque les chevaliers bourguignons \u00e0 Sens. L&rsquo;ann\u00e9e suivante le roi meurt. Son fils Charles VI le fol prend la succ\u00e9ssion, mais comme il manque de lucidit\u00e9, la couronne est convoit\u00e9e.<br style=\"color: #484848;\"><br style=\"color: #484848;\"><span id=\"15\" class=\"siecle\" style=\"font-weight: bold; color: #33cc00;\">15\u00e8me si\u00e8cle<\/span><br style=\"color: #484848;\"><br style=\"color: #484848;\">En ce d\u00e9but de si\u00e8cle, c&rsquo;est la tr\u00eave et beaucoup de places fortes ont \u00e9t\u00e9 prises aux Anglais par les Fran\u00e7ais. Le royaume malmen\u00e9 est min\u00e9 par la rivalit\u00e9 entre le duc d&rsquo;Orl\u00e9ans et le duc de Bourgogne. Les Anglais profitent de l&rsquo;occasion pour reprendre l&rsquo;offensive.<br style=\"color: #484848;\"><br style=\"color: #484848;\">Les techniques de guerres se modernisent : une fabrique de canons s&rsquo;installe en 1409 dans la cit\u00e9.<br style=\"color: #484848;\"><br style=\"color: #484848;\">L&rsquo;archev\u00eaque de Sens est tu\u00e9 pendant le d\u00e9sastre de la bataille d&rsquo;Azincourt en 1415. En 1416, le duc de Bourgogne s&rsquo;allie aux Anglais et les troupes Anglaises et Bourguignonnes se succ\u00e8dent aux pieds des remparts.<br style=\"color: #484848;\"><br style=\"color: #484848;\">Catherine de France, fille de Charles VI est mari\u00e9e avec le roi d&rsquo;Angleterre Henri V par l&rsquo;archev\u00eaque de Sens, en 1420, \u00e0 Troyes. Elle apporte comme dot la couronne de France \u00e0 la mort de Charles VI ; le dauphin Charles est d\u00e9clar\u00e9 illigitime. Juste apr\u00e8s le mariage, Sens est assi\u00e9g\u00e8e par leurs troupes. La ville resiste 12 jours avant de passer dans les mains des Anglais pour 10 ans ; Henri V restitue la cathedrale \u00e0 l&rsquo;archev\u00eaque.<br style=\"color: #484848;\"><br style=\"color: #484848;\">Orl\u00e9ans lib\u00e9r\u00e9 et Charles VII couronn\u00e9 (17 juillet 1429),&nbsp;<a style=\"font-weight: bold; color: #006699;\" href=\"http:\/\/fr.wikipedia.org\/wiki\/Jeanne_d%27Arc\" target=\"_blank\" rel=\"noopener\">Jeanne d&rsquo;Arc<\/a>&nbsp;retourne de Senlis vers la Loire et se pr\u00e9sente alors \u00e0 la porte Saint-Didier de la ville le 16 septembre 1429. La garde Anglaise refuse le passage par les ponts. Elle franchit l&rsquo;Yonne \u00e0 gu\u00e9 un peu au dessous de la ville.<br style=\"color: #484848;\"><br style=\"color: #484848;\">La campagne est d\u00e9vast\u00e9e et la mis\u00e8re r\u00e8gne apr\u00e8s un si\u00e8cle de guerre, jusqu&rsquo;au moment o\u00f9 les Anglais sont explus\u00e9s de la cit\u00e9 par Charles VII en pleine reconqu\u00eate.<br style=\"color: #484848;\"><br style=\"color: #484848;\">En 1473,&nbsp;<a style=\"font-weight: bold; color: #006699;\" title=\"Louis XI de France\" href=\"http:\/\/fr.wikipedia.org\/wiki\/Louis_XI_de_France\" target=\"_blank\" rel=\"noopener\">Louis XI de France<\/a>&nbsp;envoie l&rsquo;arm\u00e9e royale sur Sens pour r\u00e9primer une r\u00e9volte : des \u00e9meutiers avaient attaqu\u00e9 la prison locale o\u00f9 des meneurs avait \u00e9t\u00e9 enferm\u00e9s suite \u00e0 un diff\u00e9rent de jeu de tacquemain avec le beau fr\u00e8re du secr\u00e9taire du roi. Les choses finissent par s&rsquo;arranger et la ville se voit accorder par le roi&nbsp;<a style=\"font-weight: bold; color: #006699;\" title=\"Louis XI de France\" href=\"http:\/\/fr.wikipedia.org\/wiki\/Louis_XI_de_France\" target=\"_blank\" rel=\"noopener\">l&rsquo;autorisation d&rsquo;avoir \u00e0 nouveau un maire et un conseil municipal en&nbsp;<\/a><a style=\"font-weight: bold; color: #006699;\" title=\"1474\" href=\"http:\/\/fr.wikipedia.org\/wiki\/1474\" target=\"_blank\" rel=\"noopener\">1474<\/a>.<br style=\"color: #484848;\"><br style=\"color: #484848;\">En 1490, l&rsquo;archev\u00eaque guerrier&nbsp;<a style=\"font-weight: bold; color: #006699;\" href=\"http:\/\/www.senon.org\/site\/index.php?page=personnalites#salazar\">Tristan de Salazar<\/a>, qui rentre des guerres d&rsquo;Italie avec un souffle de renouveau italien, confit au meilleur architecte de l&rsquo;\u00e9poque,&nbsp;<a style=\"font-weight: bold; color: #006699;\" href=\"http:\/\/fr.wikipedia.org\/wiki\/Martin_Chambiges\" target=\"_blank\" rel=\"noopener\">Martin Chambiges<\/a>, la construction des transepts de la cath\u00e9drale.<br style=\"color: #484848;\"><br style=\"color: #484848;\">A la m\u00eame \u00e9poque, Villeneuve-la-Dondagre est un fief qui appartient au&nbsp;<a style=\"font-weight: bold; color: #006699;\" href=\"http:\/\/fr.wikipedia.org\/wiki\/Chapitre_de_chanoines\" target=\"_blank\" rel=\"noopener\">Chapitre<\/a>&nbsp;de Sens.<\/div>\n","protected":false},"excerpt":{"rendered":"<p>MOYEN AGE 6\u00e8me si\u00e8cleLes premiers Juifs s&rsquo;installent \u00e0 Sens. Mais ils ne se constituent en communaut\u00e9 dans la ville qu&rsquo;apr\u00e8s le 9\u00e8me si\u00e8cle. Le nord de la Bourgogne et son vignoble les ont attir\u00e9 jusqu&rsquo;\u00e0 la fin du Moyen-\u00c2ge.En&nbsp;562, Sens &hellip; <a href=\"https:\/\/www.senon.org\/wordpress\/moyen-age\/\">Continuer la lecture <span class=\"meta-nav\">&rarr;<\/span><\/a><\/p>\n","protected":false},"author":1,"featured_media":0,"parent":0,"menu_order":0,"comment_status":"open","ping_status":"open","template":"","meta":{"om_disable_all_campaigns":false,"_monsterinsights_skip_tracking":false,"_monsterinsights_sitenote_active":false,"_monsterinsights_sitenote_note":"","_monsterinsights_sitenote_category":0,"_uf_show_specific_survey":0,"_uf_disable_surveys":false,"ngg_post_thumbnail":0,"footnotes":""},"class_list":["post-247","page","type-page","status-publish","hentry"],"aioseo_notices":[],"_links":{"self":[{"href":"https:\/\/www.senon.org\/wordpress\/wp-json\/wp\/v2\/pages\/247","targetHints":{"allow":["GET"]}}],"collection":[{"href":"https:\/\/www.senon.org\/wordpress\/wp-json\/wp\/v2\/pages"}],"about":[{"href":"https:\/\/www.senon.org\/wordpress\/wp-json\/wp\/v2\/types\/page"}],"author":[{"embeddable":true,"href":"https:\/\/www.senon.org\/wordpress\/wp-json\/wp\/v2\/users\/1"}],"replies":[{"embeddable":true,"href":"https:\/\/www.senon.org\/wordpress\/wp-json\/wp\/v2\/comments?post=247"}],"version-history":[{"count":14,"href":"https:\/\/www.senon.org\/wordpress\/wp-json\/wp\/v2\/pages\/247\/revisions"}],"predecessor-version":[{"id":584,"href":"https:\/\/www.senon.org\/wordpress\/wp-json\/wp\/v2\/pages\/247\/revisions\/584"}],"wp:attachment":[{"href":"https:\/\/www.senon.org\/wordpress\/wp-json\/wp\/v2\/media?parent=247"}],"curies":[{"name":"wp","href":"https:\/\/api.w.org\/{rel}","templated":true}]}}